{"id":69641,"date":"2025-06-24T18:01:50","date_gmt":"2025-06-24T16:01:50","guid":{"rendered":"https:\/\/www.lum.it\/dottorato-in-teoria-generale-del-processo\/"},"modified":"2026-04-22T16:52:15","modified_gmt":"2026-04-22T14:52:15","slug":"dottorato-in-teoria-generale-del-processo","status":"publish","type":"page","link":"https:\/\/www.lum.it\/en\/dottorato-in-teoria-generale-del-processo\/","title":{"rendered":"Dottorato in Teoria Generale del Processo"},"content":{"rendered":"<p>[vc_section el_class=&#8221;p-0 m-0 piani-di-studio&#8221;][vc_row css=&#8221;.vc_custom_1696577959217{background-image: url(https:\/\/www.lum.it\/wp-content\/uploads\/2022\/10\/immatricolazioni.jpg?id=36837) !important;background-position: center !important;background-repeat: no-repeat !important;background-size: cover !important;}&#8221; el_class=&#8221;bg-position&#8221;][vc_column][vc_empty_space height=&#8221;400px&#8221;][\/vc_column][\/vc_row][\/vc_section][vc_section el_class=&#8221;pl-0 pr-0&#8243;][vc_row equal_height=&#8221;yes&#8221; el_class=&#8221;q-title-corso&#8221; css=&#8221;.vc_custom_1750846932389{margin-top: 0px !important;margin-bottom: 0px !important;}&#8221;][vc_column el_class=&#8221;q-title-corso mr-neg&#8221; css=&#8221;.vc_custom_1750781657806{margin-top: 0px !important;margin-bottom: 0px !important;margin-left: -30px !important;padding-top: 0px !important;padding-bottom: 0px !important;}&#8221;][vc_row_inner][vc_column_inner width=&#8221;2\/3&#8243; css=&#8221;.vc_custom_1750781642627{padding-top: 20px !important;padding-bottom: 20px !important;}&#8221;][vc_column_text el_class=&#8221;qred m-0&#8243; css=&#8221;.vc_custom_1750859019739{padding-top: 20px !important;padding-bottom: 20px !important;}&#8221;]<\/p>\n<h2 class=\"colonna1_text auto_margin_left\">Dottorato in Teoria Generale del Processo &#8211; Ciclo XLI<\/h2>\n<p>[\/vc_column_text][\/vc_column_inner][vc_column_inner width=&#8221;1\/3&#8243; css=&#8221;.vc_custom_1750781423882{padding-top: 40px !important;padding-right: 40px !important;padding-bottom: 40px !important;padding-left: 40px !important;background-color: #8e193b !important;}&#8221;][vc_column_text el_class=&#8221;white&#8221;]<\/p>\n<h2>Ricerca<\/h2>\n<p>[\/vc_column_text][\/vc_column_inner][\/vc_row_inner][\/vc_column][\/vc_row][\/vc_section][vc_row css=&#8221;.vc_custom_1750754577867{margin-top: 0px !important;margin-bottom: 0px !important;background-color: rgba(255,252,252,0.4) !important;*background-color: rgb(255,252,252) !important;}&#8221; el_class=&#8221;pl-0 pr-0 container mx-auto mt-5 pt-lg-5&#8243;][vc_column width=&#8221;2\/3&#8243; css=&#8221;.vc_custom_1750755109392{padding-right: 0px !important;padding-left: 0px !important;}&#8221; el_class=&#8221;pr-md-5&#8243;]    <style>\n        .lum-accordion { background: #8e193b; margin-bottom:10px; }\n        .accordion-body { background: #f4f2ef !important; padding: 20px; }\n        .accordion-body .btn { background: #8e193b; border-radius: 0; color: white; margin-top:20px; padding: 8px 16px; }\n    <\/style>\n\n    <div class=\"lum-accordion mb-3\">\n        <div class=\"accordion-header d-flex align-items-center justify-content-between bg-bordeaux text-white px-3 py-3 rounded-top\"\n             data-toggle=\"collapse\"\n             data-target=\"#collapse_lum_69f1582dcbbb0\"\n             aria-expanded=\"false\"\n             style=\"cursor: pointer;\">\n            <strong>Graduatoria finale<\/strong>\n            <i class=\"fas fa-chevron-down toggle-icon transition\"><\/i>\n        <\/div>\n\n        <div id=\"collapse_lum_69f1582dcbbb0\" class=\"collapse\">\n            <div class=\"accordion-body procedura_semplice\">\n                                    <p class=\"mb-2 text-muted\"><strong>Data:<\/strong> 15.10.2025<\/p>\n                \n                                    <div class=\"mb-3\">Pubblicata graduatoria e la Relazione finale e Decreto di approvazione atti relativa alla prova di ammissione al Dottorato di Ricerca TGP<\/div>\n                \n                                    <div class=\"allegati\">\n                                                    <a href=\"https:\/\/www.lum.it\/wp-content\/uploads\/2025\/10\/D.P.-352-2025-Decreto-approvazione-atti.pdf\" class=\"btn\" target=\"\">\n                                D.P. 352-2025 Decreto approvazione atti                            <\/a>\n                                                    <a href=\"https:\/\/www.lum.it\/wp-content\/uploads\/2025\/10\/Relazione-finale.pdf\" class=\"btn\" target=\"\">\n                                Relazione finale                            <\/a>\n                                                    <a href=\"https:\/\/lum.esse3.cineca.it\/Start.do\" class=\"btn\" target=\"\">\n                                Iscriviti                            <\/a>\n                                                <\/div>\n                            <\/div>\n        <\/div>\n    <\/div>\n        <style>\n        .lum-accordion { background: #8e193b; margin-bottom:10px; }\n        .accordion-body { background: #f4f2ef !important; padding: 20px; }\n        .accordion-body .btn { background: #8e193b; border-radius: 0; color: white; margin-top:20px; padding: 8px 16px; }\n    <\/style>\n\n    <div class=\"lum-accordion mb-3\">\n        <div class=\"accordion-header d-flex align-items-center justify-content-between bg-bordeaux text-white px-3 py-3 rounded-top\"\n             data-toggle=\"collapse\"\n             data-target=\"#collapse_lum_69f1582dcbc6d\"\n             aria-expanded=\"false\"\n             style=\"cursor: pointer;\">\n            <strong>Pubblicazione esiti prove scritte dottorato XLI Ciclo<\/strong>\n            <i class=\"fas fa-chevron-down toggle-icon transition\"><\/i>\n        <\/div>\n\n        <div id=\"collapse_lum_69f1582dcbc6d\" class=\"collapse\">\n            <div class=\"accordion-body procedura_semplice\">\n                                    <p class=\"mb-2 text-muted\"><strong>Data:<\/strong> 01.10.2025<\/p>\n                \n                                    <div class=\"mb-3\"><strong>La prova orale avr\u00e0 luogo il giorno 13 ottobre 2025 alle ore 9,00 presso il Rettorato &#8211; Aula consiliare 1\u00b0 piano<\/strong><\/div>\n                \n                                    <div class=\"allegati\">\n                                                    <a href=\"https:\/\/www.lum.it\/wp-content\/uploads\/2025\/09\/valutazione-titoli.pdf\" class=\"btn\" target=\"\">\n                                Valutazione titoli                            <\/a>\n                                                    <a href=\"https:\/\/www.lum.it\/wp-content\/uploads\/2025\/09\/Valutazione-elaborati.pdf\" class=\"btn\" target=\"\">\n                                Valutazione elaborati                            <\/a>\n                                                <\/div>\n                            <\/div>\n        <\/div>\n    <\/div>\n        <style>\n        .lum-accordion { background: #8e193b; margin-bottom:10px; }\n        .accordion-body { background: #f4f2ef !important; padding: 20px; }\n        .accordion-body .btn { background: #8e193b; border-radius: 0; color: white; margin-top:20px; padding: 8px 16px; }\n    <\/style>\n\n    <div class=\"lum-accordion mb-3\">\n        <div class=\"accordion-header d-flex align-items-center justify-content-between bg-bordeaux text-white px-3 py-3 rounded-top\"\n             data-toggle=\"collapse\"\n             data-target=\"#collapse_lum_69f1582dcbcc8\"\n             aria-expanded=\"false\"\n             style=\"cursor: pointer;\">\n            <strong>Pubblicato il Bando del ciclo XLI<\/strong>\n            <i class=\"fas fa-chevron-down toggle-icon transition\"><\/i>\n        <\/div>\n\n        <div id=\"collapse_lum_69f1582dcbcc8\" class=\"collapse\">\n            <div class=\"accordion-body procedura_semplice\">\n                                    <p class=\"mb-2 text-muted\"><strong>Data:<\/strong> 04.08.2025<\/p>\n                \n                                    <div class=\"mb-3\">Il bando viene pubblicato anche sul sito della LUM, su Euroaxes e sui siti del Ministero dell\u2019Universit\u00e0 come previsto dalla normativa vigente.<\/p>\n<p><strong>La prova scritta \u00e8 in programma il 30 settembre alle ore 9:30 presso l&#8217;aula 3 piano terra &#8211; Torre Rossi.\u00a0<\/strong><br \/>\n<\/div>\n                \n                                    <div class=\"allegati\">\n                                                    <a href=\"https:\/\/www.lum.it\/wp-content\/uploads\/2025\/08\/bandoTGP-41\u00b0-firmato.pdf\" class=\"btn\" target=\"\">\n                                Bando del ciclo XLI                            <\/a>\n                                                    <a href=\"https:\/\/www.lum.it\/wp-content\/uploads\/2025\/08\/Domanda-di-Ammissione-TGP.pdf\" class=\"btn\" target=\"\">\n                                Fac-simile della domanda                            <\/a>\n                                                    <a href=\"https:\/\/www.lum.it\/wp-content\/uploads\/2025\/09\/D.P.-311-2025-nomina-commissione.pdf\" class=\"btn\" target=\"\">\n                                DP 311\/25 - Nomina Commissione                            <\/a>\n                                                <\/div>\n                            <\/div>\n        <\/div>\n    <\/div>\n    [vc_empty_space height=&#8221;70px&#8221;][vc_column_text css=&#8221;.vc_custom_1750752916864{margin-bottom: 5px !important;}&#8221; el_class=&#8221;red&#8221;]<\/p>\n<h3 class=\"titolo_tab\">Descrizione del Progetto<\/h3>\n<p>[\/vc_column_text]\n\n    <div class=\"vc_lumTextloadmore  \"  id=\"\">\n\n                    <\/p>\n<p><strong>Il progetto formativo del Dottorato si caratterizza per il suo carattere interdisciplinare<\/strong>, fondato sull&#8217;idea di indagare \u2013 in un contesto <strong>unitario e diversificato<\/strong> al tempo stesso \u2013 <strong>gli istituti processuali<\/strong> nella loro <strong>multiforme disciplina<\/strong> nei diversi settori dell&#8217;ordinamento italiano.<\/p>\n<p>A fondare e giustificare tale nuova impostazione degli studi processuali \u00e8 <strong>la matrice comune rappresentata dai principi costituzionali<\/strong> sulla <strong>giurisdizione<\/strong>, sulla <strong>magistratura<\/strong> e sui <strong>giudici speciali<\/strong>.<br \/>\nPrincipi corrispondenti si trovano anche nelle <strong>principali fonti internazionali e sovranazionali<\/strong>, in particolare nella <strong>Carta dei diritti fondamentali dell\u2019Unione Europea (art. 47)<\/strong> e nella <strong>Convenzione europea dei diritti dell\u2019uomo (art. 6)<\/strong>, il che consente di ampliare l\u2019orizzonte <strong>oltre i confini nazionali<\/strong>, verso l\u2019<strong>ordinamento dell\u2019Unione europea<\/strong> e i singoli <strong>ordinamenti degli Stati europei<\/strong>.<\/p>\n<p>Da qui la <strong>necessit\u00e0 di indagare e far emergere<\/strong> la concezione <strong>unitaria della \u201cgiurisdizione-giustizia\u201d<\/strong>, uno dei portati di <strong>maggior rilievo della nostra Carta costituzionale<\/strong>, che si riflette sulla disciplina concreta dei <strong>singoli processi giurisdizionali<\/strong> (amministrativo, civile, penale, tributario e contabile).<\/p>\n<p><strong>Una parte delle attivit\u00e0 didattiche \u00e8 strutturata su cicli di seminari interdisciplinari<\/strong>.<br \/>\n<strong>Ai seminari (almeno 4 per ciascun anno accademico) partecipano tutti i dottorandi<\/strong> e trattano <strong>temi interdisciplinari<\/strong>, scelti dai docenti delle diverse aree, <strong>approfonditi ed esposti dai dottorandi stessi<\/strong>.<br \/>\n<strong>I seminari sono elemento di valutazione<\/strong> in sede di ammissione all\u2019anno successivo e alla prova finale.<\/p>\n<p><strong>Il dottorato si caratterizza, altres\u00ec, per una impostazione multi-curriculare<\/strong>, finalizzata a consentire <strong>una formazione analitica<\/strong> nelle <strong>singole discipline<\/strong>.<br \/>\nSi considera sia:<\/p>\n<ul>\n<li>la <strong>normativa processuale<\/strong> nei diversi settori di interesse,<\/li>\n<li>sia i <strong>profili di diritto sostanziale<\/strong> su cui incide il fenomeno processuale,<\/li>\n<li>sia la <strong>prospettiva della comparazione storica<\/strong>,<\/li>\n<li>sia la <strong>prospettiva filosofica<\/strong>, con riguardo alla <strong>teoria generale del diritto<\/strong>.<\/li>\n<\/ul>\n<p>A tal fine, <strong>altra parte delle attivit\u00e0 didattiche \u00e8 strutturata su cicli di lezioni<\/strong> relative agli insegnamenti nei <strong>settori scientifico-disciplinari<\/strong> del Dottorato, <strong>coerenti con gli obiettivi formativi del corso<\/strong>:<br \/>\n<strong>GIUR-01\/A \u2013 Diritto privato<\/strong><br \/>\n<strong>GIUR-02\/A \u2013 Diritto commerciale<\/strong><br \/>\n<strong>GIUR-05\/A \u2013 Diritto costituzionale e pubblico<\/strong><br \/>\n<strong>GIUR-06\/A \u2013 Diritto amministrativo e pubblico<\/strong><br \/>\n<strong>GIUR-07\/A \u2013 Diritto e religione<\/strong><br \/>\n<strong>GIUR-08\/A \u2013 Diritto tributario<\/strong><br \/>\n<strong>GIUR-11\/B \u2013 Diritto pubblico comparato<\/strong><br \/>\n<strong>GIUR-12\/A \u2013 Diritto processuale civile<\/strong><br \/>\n<strong>GIUR-13\/A \u2013 Diritto processuale penale<\/strong><br \/>\n<strong>GIUR-15\/A \u2013 Diritto romano e Fondamenti del diritto europeo<\/strong><br \/>\n<strong>GIUR-16\/A \u2013 Storia del diritto medioevale e moderno<\/strong><br \/>\n<strong>GIUR-17\/A \u2013 Filosofia del Diritto<\/strong><\/p>\n<p>Sono previste, inoltre, <strong>attivit\u00e0 di perfezionamento linguistico e informatico<\/strong>.<\/p>\n<p>Il dottorato offre:<\/p>\n<ul>\n<li><strong>soggiorni di ricerca in Italia<\/strong> (media di 2 mesi),<\/li>\n<li><strong>soggiorni di ricerca all\u2019estero<\/strong>, presso Universit\u00e0 con <strong>accordi di collaborazione<\/strong>, inclusa la <strong>mobilit\u00e0 Erasmus<\/strong> e <strong>accordi di co-tutela<\/strong>.<\/li>\n<\/ul>\n<p>\u00c8 prevista <strong>una prova intermedia semestrale<\/strong>, durante la quale ogni dottorando <strong>relaziona allo stato di avanzamento della propria ricerca<\/strong> davanti a una <strong>commissione di tutor<\/strong>.<br \/>\nAlla fine di ogni anno accademico \u00e8 previsto <strong>l\u2019esame di ammissione all\u2019anno successivo<\/strong> (1\u00b0 e 2\u00b0 anno) e <strong>alla prova finale<\/strong> (3\u00b0 anno), che consiste in <strong>una prova orale<\/strong> fondata su <strong>relazioni dei dottorandi e dei tutor<\/strong>.<\/p>\n<p><strong>Gli obiettivi formativi del dottorato sono pienamente coerenti con le idee-guida del progetto.<\/strong><br \/>\nLa formazione verter\u00e0 su:<\/p>\n<ul>\n<li><strong>tematiche di base<\/strong> (principi costituzionali del processo, giurisdizione, istruttoria, impugnazioni),<\/li>\n<li><strong>tematiche specialistiche<\/strong> per ogni disciplina inclusa nel progetto.<\/li>\n<\/ul>\n<p>Il dottorato fornisce:<\/p>\n<ul>\n<li><strong>conoscenza specialistica della normativa processuale<\/strong>,<\/li>\n<li>approfondimenti su <strong>profili sostanziali<\/strong> (es. crisi d\u2019impresa, arbitrato civile e commerciale),<\/li>\n<li><strong>storia degli istituti processuali e sostanziali<\/strong>,<\/li>\n<li><strong>teoria generale del diritto<\/strong> e sua applicazione allo <strong>studio del processo<\/strong>.<\/li>\n<\/ul>\n<p><strong>Esempi di moduli<\/strong>:<\/p>\n<ul>\n<li><strong>Diritto processuale civile<\/strong>: basi teoriche e pratiche delle questioni processuali pi\u00f9 attuali.<\/li>\n<li><strong>Diritto processuale penale<\/strong>: evoluzione normativa e giurisprudenziale, con riferimenti ai <strong>principi sovranazionali<\/strong>.<\/li>\n<li><strong>Diritto processuale amministrativo<\/strong>: unicit\u00e0 della giurisdizione-giustizia, analisi normativa, dottrinale, giurisprudenziale e comparata.<\/li>\n<li><strong>Diritto privato<\/strong>: studio approfondito del rapporto tra legge e giudizio.<\/li>\n<li><strong>Diritto romano<\/strong>: il processo privato romano dalle origini all\u2019et\u00e0 giustinianea.<\/li>\n<li><strong>Storia del diritto medievale e moderno<\/strong>: <strong>storia della giustizia e del processo tra XVIII e XX secolo<\/strong>.<\/li>\n<\/ul>\n<p><strong>In tutte le aree disciplinari<\/strong>, l\u2019obiettivo \u00e8:<\/p>\n<ul>\n<li><strong>rafforzare le conoscenze di base<\/strong>,<\/li>\n<li><strong>acquisire conoscenze specialistiche<\/strong>,<\/li>\n<li><strong>sviluppare capacit\u00e0 critica<\/strong>,<\/li>\n<li>utilizzare <strong>tecniche di problem solving<\/strong> e una <strong>metodologia di ricerca adeguata<\/strong>,<\/li>\n<li>acquisire <strong>competenze spendibili nel mondo del lavoro<\/strong>.<\/li>\n<\/ul>\n<p>Il dottorato mira a far <strong>acquisire adeguate conoscenze nel linguaggio giuridico<\/strong>, con riferimento alle <strong>tecniche processuali<\/strong>, anche negli <strong>ordinamenti stranieri e sovrastatali<\/strong>.<br \/>\nSono previsti:<\/p>\n<ul>\n<li><strong>corsi base di inglese<\/strong>,<\/li>\n<li><strong>corsi avanzati di linguaggio giuridico<\/strong> nelle aree processuali e correlate.<\/li>\n<\/ul>\n<p><strong>I dottorandi potranno utilizzare l\u2019aula informatica<\/strong>, con <strong>supporto tecnico<\/strong>, per l\u2019uso delle <strong>banche dati giurisprudenziali e dottrinali<\/strong>, italiane e straniere.<\/p>\n<p><strong>Infine, il dottorato intende incentivare collaborazioni<\/strong> con <strong>istituzioni pubbliche e private, italiane e straniere<\/strong>, e <strong>promuovere la pubblicazione dei risultati<\/strong>, sottoponendo l\u2019opera alla <strong>valutazione della comunit\u00e0 scientifica internazionale<\/strong>.                <div class=\"puls-leggi\">\n            <span class=\"leggi piu\" >Read more<\/span>\n            <span class=\"leggi meno\" style=\"display: none\">Read less<\/span>\n        <\/div>\n    <\/div>\n\n\n    [vc_empty_space height=&#8221;70px&#8221;][vc_column_text css=&#8221;.vc_custom_1750839633049{margin-bottom: 5px !important;}&#8221; el_class=&#8221;red&#8221;]<\/p>\n<h3>Attivit\u00e0 didattica disciplinare e interdisciplinare<\/h3>\n<p>[\/vc_column_text]    <style>\n        .leggi_piu {\n            overflow: hidden;\n            transition: max-height 0.3s ease-out;\n            padding-bottom:15px;\n        }\n\n    <\/style>\n    <div class=\"leggi_piu\"><p class=\"p_struttura\">A) <b>Cicli di lezioni negli insegnamenti ad hoc previsti nell\u2019iter formativo<\/b>. L\u2019<b>attivit\u00e0 didattica<\/b> \u00e8 strutturata, da un lato, su <b>cicli di lezioni<\/b> relative agli insegnamenti nei <b>dodici settori scientifico-disciplinari<\/b> che compongono il dottorato e che sono coerenti con gli obiettivi formativi del corso (in ordine progressivo per numero di SSD):<\/p>\n<ul data-start=\"418\" data-end=\"991\">\n<li data-start=\"418\" data-end=\"453\">\n<p data-start=\"420\" data-end=\"453\"><strong data-start=\"420\" data-end=\"433\">GIUR-01\/A<\/strong> \u2013 Diritto privato<\/p>\n<\/li>\n<li data-start=\"454\" data-end=\"493\">\n<p data-start=\"456\" data-end=\"493\"><strong data-start=\"456\" data-end=\"469\">GIUR-02\/A<\/strong> \u2013 Diritto commerciale<\/p>\n<\/li>\n<li data-start=\"494\" data-end=\"547\">\n<p data-start=\"496\" data-end=\"547\"><strong data-start=\"496\" data-end=\"509\">GIUR-05\/A<\/strong> \u2013 Diritto costituzionale e pubblico<\/p>\n<\/li>\n<li data-start=\"548\" data-end=\"601\">\n<p data-start=\"550\" data-end=\"601\"><strong data-start=\"550\" data-end=\"563\">GIUR-06\/A<\/strong> \u2013 Diritto amministrativo e pubblico<\/p>\n<\/li>\n<li data-start=\"602\" data-end=\"641\">\n<p data-start=\"604\" data-end=\"641\"><strong data-start=\"604\" data-end=\"617\">GIUR-07\/A<\/strong> \u2013 Diritto e religione<\/p>\n<\/li>\n<li data-start=\"642\" data-end=\"680\">\n<p data-start=\"644\" data-end=\"680\"><strong data-start=\"644\" data-end=\"657\">GIUR-08\/A<\/strong> \u2013 Diritto tributario<\/p>\n<\/li>\n<li data-start=\"681\" data-end=\"727\">\n<p data-start=\"683\" data-end=\"727\"><strong data-start=\"683\" data-end=\"696\">GIUR-11\/B<\/strong> \u2013 Diritto pubblico comparato<\/p>\n<\/li>\n<li data-start=\"728\" data-end=\"774\">\n<p data-start=\"730\" data-end=\"774\"><strong data-start=\"730\" data-end=\"743\">GIUR-12\/A<\/strong> \u2013 Diritto processuale civile<\/p>\n<\/li>\n<li data-start=\"775\" data-end=\"821\">\n<p data-start=\"777\" data-end=\"821\"><strong data-start=\"777\" data-end=\"790\">GIUR-13\/A<\/strong> \u2013 Diritto processuale penale<\/p>\n<\/li>\n<li data-start=\"822\" data-end=\"889\">\n<p data-start=\"824\" data-end=\"889\"><strong data-start=\"824\" data-end=\"837\">GIUR-15\/A<\/strong> \u2013 Diritto romano e Fondamenti del diritto europeo<\/p>\n<\/li>\n<li data-start=\"890\" data-end=\"949\">\n<p data-start=\"892\" data-end=\"949\"><strong data-start=\"892\" data-end=\"905\">GIUR-16\/A<\/strong> \u2013 Storia del diritto medioevale e moderno<\/p>\n<\/li>\n<li data-start=\"950\" data-end=\"991\">\n<p data-start=\"952\" data-end=\"991\"><strong data-start=\"952\" data-end=\"965\">GIUR-17\/A<\/strong> \u2013 Filosofia del Diritto<\/p>\n<\/li>\n<\/ul>\n<p>La <b>verifica finale dell\u2019apprendimento<\/b> per ciascun insegnamento e per ciascun anno viene fatta nel corso dell\u2019<b>esame di ammissione dei dottorandi all\u2019anno successivo<\/b> (nel 1\u00b0 e 2\u00b0 anno del ciclo) e alla <b>prova finale<\/b> (nel 3\u00b0 anno del ciclo), che consiste in una <b>prova orale<\/b> nella quale i dottorandi discutono degli argomenti trattati nei diversi insegnamenti, al fine di dimostrare non soltanto le <b>conoscenze acquisite<\/b>, ma anche la <b>capacit\u00e0 di analizzare criticamente gli istituti di riferimento<\/b>. In ciascun anno del corso di Dottorato viene effettuata una <b>verifica intermedia (semestrale)<\/b>, che ha ad oggetto lo <b>stato di avanzamento delle attivit\u00e0 di ricerca<\/b>, il cui esito concorre alla valutazione dell\u2019esame di ammissione all\u2019anno successivo e alla prova finale.<\/p>\n<hr \/>\n<p>B) <b>Cicli di seminari interdisciplinari<\/b>. Nel corso di ciascun anno accademico vengono organizzati almeno <b>4 seminari interni al dottorato<\/b>, ai quali partecipano tutti i dottorandi. I seminari hanno ad oggetto <b>temi interdisciplinari<\/b>, scelti a rotazione dai docenti delle varie aree, che vengono previamente comunicati ai dottorandi che li approfondiscono e poi li espongono nel corso del seminario, offrendo in tal modo la <b>peculiare prospettiva della propria area di interesse<\/b> ed aprendosi al confronto con quelle delle altre aree. I seminari rappresentano anch&#8217;essi <b>elemento di valutazione dei dottorandi<\/b> in sede di ammissione all&#8217;anno successivo e alla prova finale.<\/p>\n<hr \/>\n<p>C) <b>Convegni, seminari, incontri di studio<\/b>. Nel corso di ciascun anno vengono poi organizzati, <b>convegni, incontri di studio e seminari su temi di rilevante interesse<\/b>, sia attinenti a singole aree sia temi comuni a pi\u00f9 aree del dottorato, con la partecipazione di <b>docenti di altre universit\u00e0 italiane e straniere<\/b>, e di <b>esperti e\/o professionisti di elevato livello scientifico<\/b>.<\/p>\n<hr \/>\n<p>D) <b>Soggiorni di ricerca<\/b>. Attraverso una <b>rete di collaborazione con altre universit\u00e0 italiane<\/b>, il dottorato offre agli studenti la possibilit\u00e0 di effettuare <b>soggiorni di ricerca in Italia<\/b>, presso tali universit\u00e0, per un periodo medio previsto di <b>mesi due<\/b>.<\/p>\n<p>Il dottorato offre altres\u00ec la possibilit\u00e0 di effettuare <b>soggiorni di ricerca all&#8217;estero<\/b>, presso <b>universit\u00e0 con le quali la LUM ha stipulato accordi di collaborazione per la mobilit\u00e0 Erasmus di studenti e docenti, accordi di co-tutela nonch\u00e9 accordi quadro tra Dottorati per la mobilit\u00e0 di dottorandi e docenti<\/b>.<\/p><\/div>[vc_empty_space height=&#8221;70px&#8221;][\/vc_column][vc_column width=&#8221;1\/3&#8243; css=&#8221;.vc_custom_1750771830652{padding-right: 0px !important;padding-left: 0px !important;}&#8221;][vc_tta_accordion section_title_tag=&#8221;h5&#8243; spacing=&#8221;20&#8243; gap=&#8221;20&#8243; c_position=&#8221;right&#8221; active_section=&#8221;&#8221; collapsible_all=&#8221;true&#8221; el_class=&#8221;extra-acc&#8221;][vc_tta_section title=&#8221;Docenti&#8221; tab_id=&#8221;1750751681346-6bc96a41-cdad&#8221; el_class=&#8221;qservizi qbgrey&#8221;][vc_column_text]<a href=\"https:\/\/www.lum.it\/docenti\/roberto-martino\/\">Roberto <strong>MARTINO<\/strong><\/a><br \/>\n<small>Universit\u00e0 \u201cG. D&#8217;Annunzio\u201d di Chieti-Pescara \u2013 Coordinatore<\/small><\/p>\n<p><a href=\"https:\/\/www.lum.it\/docenti\/mirko-abbamonte\/\">Mirko <strong>ABBAMONTE<\/strong><\/a><br \/>\n<small>Universit\u00e0 LUM \u201cGiuseppe Degennaro\u201d<\/small><\/p>\n<p><a href=\"https:\/\/www.lum.it\/docenti\/francesco-alicino\/\">Francesco <strong>ALICINO<\/strong><\/a><br \/>\n<small>Universit\u00e0 LUM \u201cGiuseppe Degennaro\u201d<\/small><\/p>\n<p><a href=\"https:\/\/www.lum.it\/docenti\/caterina-luisa-appio\/\">Caterina Luisa <strong>APPIO<\/strong><\/a><br \/>\n<small>Universit\u00e0 LUM \u201cGiuseppe Degennaro\u201d<\/small><\/p>\n<p><a href=\"https:\/\/www.lum.it\/docenti\/simona-attollino\/\">Simona <strong>ATTOLLINO<\/strong><\/a><br \/>\n<small>Universit\u00e0 LUM \u201cGiuseppe Degennaro\u201d<\/small><\/p>\n<p>Antonio <strong>BARONE<\/strong><br \/>\n<small>Universit\u00e0 di Catania<\/small><\/p>\n<p><a href=\"https:\/\/www.lum.it\/docenti\/alessio-bonafine\/\">Alessio <strong>BONAFINE<\/strong><\/a><br \/>\n<small>Universit\u00e0 LUM \u201cGiuseppe Degennaro\u201d<\/small><\/p>\n<p><a href=\"https:\/\/www.lum.it\/wp-content\/uploads\/2026\/02\/c.v.-Fabiola-Cimbali.pdf\">Fabiola <strong>CIMBALI<\/strong><\/a><br \/>\n<small>Universit\u00e0 di Catania<\/small><\/p>\n<p><a href=\"https:\/\/www.lum.it\/docenti\/nicola-cipriani\/\">Nicola <strong>CIPRIANI<\/strong><\/a><br \/>\n<small>Universit\u00e0 LUM \u201cGiuseppe Degennaro\u201d<\/small><\/p>\n<p>Annalisa <strong>DI GIOVANNI<\/strong><br \/>\n<small>Universit\u00e0 di Salerno<\/small><\/p>\n<p><a href=\"https:\/\/www.lum.it\/docenti\/vincenzo-donativi\/\">Vincenzo <strong>DONATIVI<\/strong><\/a><br \/>\n<small>Universit\u00e0 LUM \u201cGiuseppe Degennaro\u201d<\/small><\/p>\n<p><a href=\"https:\/\/www.lum.it\/docenti\/enrico-follieri\/\">Francesco <strong>FOLLIERI<\/strong><\/a><br \/>\n<small>Universit\u00e0 LUM \u201cGiuseppe Degennaro\u201d<\/small><\/p>\n<p><a href=\"https:\/\/www.lum.it\/wp-content\/uploads\/2026\/02\/c.v.-Aniello-Merone.pdf\">Aniello <strong>MERONE<\/strong><\/a><br \/>\n<small>Universit\u00e0 Europea \u2013 Roma<\/small><\/p>\n<p><a href=\"https:\/\/www.lum.it\/docenti\/angelo-giuseppe-orofino\/\">Angelo Giuseppe <strong>OROFINO<\/strong><\/a><br \/>\n<small>Universit\u00e0 LUM \u201cGiuseppe Degennaro\u201d<\/small><\/p>\n<p><a href=\"https:\/\/www.lum.it\/docenti\/salvatore-randazzo\/\">Salvatore <strong>RANDAZZO<\/strong><\/a><br \/>\n<small>Universit\u00e0 LUM \u201cGiuseppe Degennaro\u201d<\/small><\/p>\n<p><a href=\"https:\/\/www.lum.it\/docenti\/francesco-ricci\/\">Francesco <strong>RICCI<\/strong><\/a><br \/>\n<small>Universit\u00e0 LUM \u201cGiuseppe Degennaro\u201d<\/small><\/p>\n<p><a href=\"https:\/\/www.lum.it\/wp-content\/uploads\/2026\/02\/cv-Natalia-rombi.pdf\">Natalia <strong>ROMBI<\/strong><\/a><br \/>\n<small>Universit\u00e0 di Udine<\/small><\/p>\n<p><a href=\"https:\/\/www.lum.it\/docenti\/gianfranco-stanco\/\">Gianfranco <strong>STANCO<\/strong><\/a><br \/>\n<small>Universit\u00e0 LUM \u201cGiuseppe Degennaro\u201d<\/small><\/p>\n<p><a href=\"https:\/\/www.lum.it\/docenti\/antonello-tarzia\/\">Antonello <strong>TARZIA<\/strong><\/a><br \/>\n<small>Universit\u00e0 LUM \u201cGiuseppe Degennaro\u201d<\/small><\/p>\n<p><a href=\"https:\/\/www.lum.it\/docenti\/gianluca-tracuzzi\/\">Gianluca <strong>TRACUZZI<\/strong><\/a><br \/>\n<small>Universit\u00e0 LUM \u201cGiuseppe Degennaro\u201d<\/small><\/p>\n<p><a href=\"https:\/\/www.lum.it\/en\/docenti\/francesco-vergine\/\">Francesco <strong>VERGINE<\/strong><\/a><br \/>\n<small>Universit\u00e0 LUM \u201cGiuseppe Degennaro\u201d<\/small><\/p>\n<p><small>Altri componenti:<\/small><\/p>\n<p>Marcos Almeida <strong>CERREDA<\/strong><br \/>\n<small>Universit\u00e0 di Santiago de Compostela<\/small><\/p>\n<p><a href=\"https:\/\/www.lum.it\/docenti\/nicolo-pollari\/\">Nicol\u00f2 <strong>POLLARI<\/strong><\/a><br \/>\n<small>Universit\u00e0 LUM \u201cGiuseppe Degennaro\u201d<\/small>[\/vc_column_text][\/vc_tta_section][vc_tta_section title=&#8221;Advisory Board&#8221; tab_id=&#8221;1762269413582-76adb28d-1008&#8243; el_class=&#8221;qservizi qbgrey&#8221;][vc_column_text]<\/p>\n<ul>\n<li><strong>Auby Jean-Bernard<\/strong>, Professore ordinario di Diritto Pubblico presso l\u2019Institut d\u2019Etudes Politiques de Paris<\/li>\n<li><strong>Caballer\u00eda Marcos Vaquer<\/strong>, Professore ordinario di Diritto Amministrativo nell\u2019Universit\u00e0 Carlos III di Madrid<\/li>\n<li><strong>Caldarone Raffaele<\/strong>, Avvocato Studio NCTM &#8211; Milano<\/li>\n<li><strong>Mart\u00ednez Immaculada Herbosa<\/strong>, Professoressa ordinaria di Diritto civile nell\u2019Universit\u00e0 di Deusto<\/li>\n<li><strong>Novkirishka-Stoyanova Malina<\/strong>, Professoressa ordinaria di Diritto Romano nell\u2019Universit\u00e0 Nazionale di Sofia<\/li>\n<li><strong>Nolasco Michele<\/strong>, Dirigente presso la Presidenza del Consiglio dei Ministri<\/li>\n<li><strong>Panzarola Andrea<\/strong>, Professore ordinario presso l\u2019Universit\u00e0 di Tor Vergata di Roma<\/li>\n<\/ul>\n<p>[\/vc_column_text][\/vc_tta_section][vc_tta_section title=&#8221;Archivio cicli&#8221; tab_id=&#8221;1762269608835-e9ca7d89-9c71&#8243;][vc_column_text]<\/p>\n<ul>\n<li><a href=\"https:\/\/www.lum.it\/en\/?page_id=61945\">Ciclo XL<\/a><\/li>\n<\/ul>\n<p>[\/vc_column_text][\/vc_tta_section][vc_tta_section title=&#8221;Calendario lezioni&#8221; tab_id=&#8221;1770724844114-5d5b99fb-baf6&#8243; el_class=&#8221;qservizi qbgrey&#8221;][vc_column_text]<strong><a href=\"https:\/\/www.lum.it\/wp-content\/uploads\/2026\/02\/TGP-Calendario-2026.pdf\">2026<\/a><\/strong><\/p>\n<p><strong><a href=\"https:\/\/www.lum.it\/wp-content\/uploads\/2026\/02\/TGP-Calendario-2025.pdf\">2025<\/a><\/strong><\/p>\n<p><strong><a href=\"https:\/\/www.lum.it\/wp-content\/uploads\/2026\/02\/Calendario-lezioni-2024.pdf\">2024<\/a><\/strong><br \/>\n<small><\/small><small><\/small>[\/vc_column_text][\/vc_tta_section][vc_tta_section title=&#8221;Accordi quadro &#8211; Cotutele&#8221; tab_id=&#8221;1775058848066-62c9dd6a-b3a2&#8243;][vc_column_text]<strong>ACCORDI QUADRO DI COOPERAZIONE INTERNAZIONALE RIFERITI ALL\u2019INTERO ATENEO<\/strong><\/p>\n<ul>\n<li><strong>Universit\u00e9 de Bordeaux<\/strong> \u2013 ultima firma: 10.6.2025 \u2013 durata quinquennale<\/li>\n<li><strong>Universidad Carlos III de Madrid<\/strong> \u2013 ultima firma: 4.7.2025 \u2013 durata quadriennale<\/li>\n<\/ul>\n<p><strong>ACCORDI QUADRO DI DOTTORATO<\/strong><\/p>\n<ul>\n<li><strong>\u00c9cole Doctorale de Droit de la Sorbonne &#8211; Universit\u00e9 Paris 1 Panth\u00e9on-Sorbonne<\/strong> \u2013 29.4.2024 \u2013 durata biennale<\/li>\n<li><strong>\u00c9cole Doctorale des Sciences Economiques, Juridiques, Politiques, De Gestion de l\u2019Universit\u00e9 Clermont Auvergne<\/strong> \u2013 ultima firma: 2.7.2025- durata biennale<\/li>\n<li><strong>Programa de p\u00f3s-gradua\u00e7\u00e3o em direito &#8211; Universit\u00e0 di Santa Cruz Do Sul<\/strong> \u2013 ultima firma: 2.9.2025 \u2013 durata quinquennale<\/li>\n<\/ul>\n<p><strong>COTUTELE<\/strong><\/p>\n<ul>\n<li><strong>Universit\u00e9 Paris 1 Panth\u00e9on-Sorbonne<\/strong><\/li>\n<li><strong>Universit\u00e9 Paris 1 Panth\u00e9on-Sorbonne<\/strong><\/li>\n<li><strong>Universidad de las Illes Balears <\/strong><\/li>\n<\/ul>\n<p>[\/vc_column_text][\/vc_tta_section][\/vc_tta_accordion][vc_empty_space][\/vc_column][\/vc_row][vc_row css=&#8221;.vc_custom_1750860751697{background-position: center !important;background-repeat: no-repeat !important;background-size: cover !important;}&#8221; el_class=&#8221;bg-position&#8221;][vc_column][vc_separator border_width=&#8221;10&#8243; el_width=&#8221;80&#8243;][\/vc_column][\/vc_row][vc_row el_class=&#8221;container mx-auto&#8221; css=&#8221;.vc_custom_1750756353298{padding-right: 0px !important;padding-left: 0px !important;}&#8221;][vc_column el_id=&#8221;faq_iscrizione&#8221; el_class=&#8221;accordion-faq&#8221; css=&#8221;.vc_custom_1750756344291{padding-right: 0px !important;padding-left: 0px !important;}&#8221;][vc_empty_space height=&#8221;70px&#8221;][vc_tta_accordion title_tag=&#8221;h1&#8243; section_title_tag=&#8221;h3&#8243; style=&#8221;flat&#8221; shape=&#8221;square&#8221; color=&#8221;white&#8221; spacing=&#8221;10&#8243; active_section=&#8221;0&#8243; collapsible_all=&#8221;true&#8221; title=&#8221;Programma attivit\u00e0 didattiche&#8221; el_class=&#8221;home-acc&#8221; css=&#8221;.vc_custom_1771313071820{margin-top: 50px !important;margin-bottom: 80px !important;}&#8221;][vc_tta_section title=&#8221;Diritto Processuale Civile&#8221; tab_id=&#8221;1750755875619-6d34a661-25f4&#8243;][vc_column_text]<\/p>\n<p data-start=\"69\" data-end=\"786\"><strong data-start=\"69\" data-end=\"233\">Il programma di Diritto processuale civile ha ad oggetto lo studio delle diverse forme attraverso cui viene impartita la tutela giurisdizionale in ambito civile<\/strong>, attraverso un approccio che favorisce, ove possibile, <strong data-start=\"289\" data-end=\"369\">l\u2019interdisciplinariet\u00e0, la comparazione giuridica e l\u2019internazionalizzazione<\/strong>.<br data-start=\"370\" data-end=\"373\" \/><strong data-start=\"373\" data-end=\"502\">Pi\u00f9 nel dettaglio, il modulo si pone l\u2019obiettivo di fornire le necessarie basi teorico-dottrinali e pratico-giurisprudenziali<\/strong> per poter affrontare <strong data-start=\"524\" data-end=\"552\">le questioni processuali<\/strong> che, nell\u2019attuale panorama, <strong data-start=\"581\" data-end=\"614\">suscitano maggiore attenzione<\/strong> tra gli studiosi e gli operatori giudiziari, con l\u2019obiettivo di <strong data-start=\"679\" data-end=\"737\" data-is-only-node=\"\">comprendere e recepire a pieno il fenomeno processuale<\/strong>, soprattutto nella sua <strong data-start=\"761\" data-end=\"785\">dimensione evolutiva<\/strong>.<\/p>\n<p data-start=\"788\" data-end=\"868\"><strong data-start=\"788\" data-end=\"867\">Gli approfondimenti verteranno principalmente sulle seguenti aree tematiche<\/strong>:<\/p>\n<ul data-start=\"870\" data-end=\"1558\">\n<li data-start=\"870\" data-end=\"930\">\n<p data-start=\"872\" data-end=\"930\"><strong data-start=\"872\" data-end=\"928\">la giurisdizione e gli altri presupposti processuali<\/strong><\/p>\n<\/li>\n<li data-start=\"931\" data-end=\"989\">\n<p data-start=\"933\" data-end=\"989\"><strong data-start=\"933\" data-end=\"987\">i poteri, i doveri e la responsabilit\u00e0 del giudice<\/strong><\/p>\n<\/li>\n<li data-start=\"990\" data-end=\"1096\">\n<p data-start=\"992\" data-end=\"1096\"><strong data-start=\"992\" data-end=\"1094\">i principi e le garanzie processuali delle parti nella prospettiva costituzionale e internazionale<\/strong><\/p>\n<\/li>\n<li data-start=\"1097\" data-end=\"1156\">\n<p data-start=\"1099\" data-end=\"1156\"><strong data-start=\"1099\" data-end=\"1154\">lo svolgimento del giudizio ordinario di cognizione<\/strong><\/p>\n<\/li>\n<li data-start=\"1157\" data-end=\"1180\">\n<p data-start=\"1159\" data-end=\"1180\"><strong data-start=\"1159\" data-end=\"1178\">le impugnazioni<\/strong><\/p>\n<\/li>\n<li data-start=\"1181\" data-end=\"1228\">\n<p data-start=\"1183\" data-end=\"1228\"><strong data-start=\"1183\" data-end=\"1226\">la tutela giurisdizionale differenziata<\/strong><\/p>\n<\/li>\n<li data-start=\"1229\" data-end=\"1268\">\n<p data-start=\"1231\" data-end=\"1268\"><strong data-start=\"1231\" data-end=\"1266\">le tutele esecutive e cautelari<\/strong><\/p>\n<\/li>\n<li data-start=\"1269\" data-end=\"1317\">\n<p data-start=\"1271\" data-end=\"1317\"><strong data-start=\"1271\" data-end=\"1315\">la normativa europea sul processo civile<\/strong><\/p>\n<\/li>\n<li data-start=\"1318\" data-end=\"1373\">\n<p data-start=\"1320\" data-end=\"1373\"><strong data-start=\"1320\" data-end=\"1371\">l\u2019arbitrato e le Alternative Dispute Resolution<\/strong><\/p>\n<\/li>\n<li data-start=\"1374\" data-end=\"1454\">\n<p data-start=\"1376\" data-end=\"1454\"><strong data-start=\"1376\" data-end=\"1452\">la comparazione dei principali modelli processuali in Europa e nel mondo<\/strong><\/p>\n<\/li>\n<li data-start=\"1455\" data-end=\"1558\">\n<p data-start=\"1457\" data-end=\"1558\"><strong data-start=\"1457\" data-end=\"1556\">l\u2019applicazione e l\u2019interpretazione delle norme processuali alla luce del c.d. \u201cdiritto vivente\u201d<\/strong><\/p>\n<\/li>\n<\/ul>\n<p>[\/vc_column_text][\/vc_tta_section][vc_tta_section title=&#8221;Diritto Processuale Penale&#8221; tab_id=&#8221;1750755875629-15fb7421-e11b&#8221;][vc_column_text]<\/p>\n<p data-start=\"113\" data-end=\"923\"><strong data-start=\"113\" data-end=\"155\">Esaminer\u00e0 in chiave critica la novella<\/strong>, analizzando <strong data-start=\"169\" data-end=\"226\">la valorizzazione della digitalizzazione del processo<\/strong> e <strong data-start=\"229\" data-end=\"292\">gli istituti volti a ridurre la domanda di giustizia penale<\/strong>.<br data-start=\"293\" data-end=\"296\" \/>Occorrer\u00e0 verificare da un lato <strong data-start=\"328\" data-end=\"417\">l\u2019incidenza degli interventi diretti al ripensamento del sistema sanzionatorio penale<\/strong>, con particolare riferimento al tema della <strong data-start=\"461\" data-end=\"485\">giustizia riparativa<\/strong>, dall\u2019altro <strong data-start=\"498\" data-end=\"588\">il mantenimento delle garanzie del \u201cgiusto processo\u201d in tutte le fasi del procedimento<\/strong>.<br data-start=\"589\" data-end=\"592\" \/><strong data-start=\"592\" data-end=\"650\">Si privilegiano tematiche oggetto di recenti modifiche<\/strong>, in parallelo con <strong data-start=\"669\" data-end=\"722\">l\u2019evoluzione degli orientamenti giurisprudenziali<\/strong>, anche in tema di <strong data-start=\"741\" data-end=\"766\">misure di prevenzione<\/strong>, approfondendo <strong data-start=\"782\" data-end=\"860\">in una logica di sistema i principi che regolano le forme e il rito penale<\/strong>, con riferimento alle <strong data-start=\"883\" data-end=\"922\">interferenze con gli altri processi<\/strong>.<\/p>\n<p data-start=\"925\" data-end=\"941\"><strong data-start=\"925\" data-end=\"940\">Si analizza<\/strong>:<\/p>\n<p data-start=\"943\" data-end=\"2214\">\u2013 <strong data-start=\"945\" data-end=\"1002\">La disciplina delle indagini dopo la Riforma Cartabia<\/strong>, con speciale riferimento a tutte le vicende relative alla <strong data-start=\"1062\" data-end=\"1082\">notizia di reato<\/strong><br data-start=\"1082\" data-end=\"1085\" \/>\u2013 <strong data-start=\"1087\" data-end=\"1137\">Udienza predibattimentale nel rito monocratico<\/strong><br data-start=\"1137\" data-end=\"1140\" \/>\u2013 <strong data-start=\"1142\" data-end=\"1185\">Giustizia riparativa e pene sostitutive<\/strong><br data-start=\"1185\" data-end=\"1188\" data-is-only-node=\"\" \/>\u2013 <strong data-start=\"1190\" data-end=\"1225\">Ragionevole durata del giudizio<\/strong> tra l\u2019<strong data-start=\"1232\" data-end=\"1254\">abuso del processo<\/strong> e i <strong data-start=\"1259\" data-end=\"1280\">diritti difensivi<\/strong><br data-start=\"1280\" data-end=\"1283\" \/>\u2013 <strong data-start=\"1285\" data-end=\"1328\">Intercettazioni e captatore informatico<\/strong><br data-start=\"1328\" data-end=\"1331\" \/>\u2013 <strong data-start=\"1333\" data-end=\"1387\">Natura ed epiloghi della nuova udienza preliminare<\/strong><br data-start=\"1387\" data-end=\"1390\" \/>\u2013 <strong data-start=\"1392\" data-end=\"1433\">Giudice penale e diritti fondamentali<\/strong>: <strong data-start=\"1435\" data-end=\"1471\">principio di legalit\u00e0 probatoria<\/strong><br data-start=\"1471\" data-end=\"1474\" \/>\u2013 <strong data-start=\"1476\" data-end=\"1502\">Formazione della prova<\/strong>, <strong data-start=\"1504\" data-end=\"1530\">regole di accertamento<\/strong> e <strong data-start=\"1533\" data-end=\"1563\">canoni del contraddittorio<\/strong><br data-start=\"1563\" data-end=\"1566\" \/>\u2013 <strong data-start=\"1568\" data-end=\"1589\">Atti irripetibili<\/strong>: <strong data-start=\"1591\" data-end=\"1621\">la circolazione probatoria<\/strong>, <strong data-start=\"1623\" data-end=\"1664\">gli accertamenti tecnici irripetibili<\/strong> e <strong data-start=\"1667\" data-end=\"1701\">la irripetibilit\u00e0 sopravvenuta<\/strong><br data-start=\"1701\" data-end=\"1704\" \/>\u2013 <strong data-start=\"1706\" data-end=\"1739\">Particolare tenuit\u00e0 del fatto<\/strong>, <strong data-start=\"1741\" data-end=\"1761\">messa alla prova<\/strong> e <strong data-start=\"1764\" data-end=\"1788\">condotte riparatorie<\/strong><br data-start=\"1788\" data-end=\"1791\" \/>\u2013 <strong data-start=\"1793\" data-end=\"1894\">Dal concordato in appello al meccanismo di rinnovazione dell\u2019istruzione dibattimentale in appello<\/strong><br data-start=\"1894\" data-end=\"1897\" \/>\u2013 <strong data-start=\"1899\" data-end=\"1933\">Il giudicato ed i suoi effetti<\/strong>: <strong data-start=\"1935\" data-end=\"1974\">efficacia extrapenale del giudicato<\/strong> e <strong data-start=\"1977\" data-end=\"1995\">ne bis in idem<\/strong><br data-start=\"1995\" data-end=\"1998\" \/>\u2013 <strong data-start=\"2000\" data-end=\"2034\">Revisione del giudicato penale<\/strong> e il rapporto con i <strong data-start=\"2055\" data-end=\"2083\">principi della Corte EDU<\/strong><br data-start=\"2083\" data-end=\"2086\" \/>\u2013 <strong data-start=\"2088\" data-end=\"2118\">Mandato di arresto europeo<\/strong> e <strong data-start=\"2121\" data-end=\"2151\">ordine europeo di indagine<\/strong><br data-start=\"2151\" data-end=\"2154\" \/>\u2013 <strong data-start=\"2156\" data-end=\"2181\">Misure di prevenzione<\/strong> e <strong data-start=\"2184\" data-end=\"2214\">provvedimenti patrimoniali<\/strong><\/p>\n<p>[\/vc_column_text][\/vc_tta_section][vc_tta_section title=&#8221;Diritto Amministrativo&#8221; tab_id=&#8221;1750757543494-f132bb9c-16c1&#8243;][vc_column_text]<\/p>\n<p data-start=\"67\" data-end=\"528\"><strong data-start=\"67\" data-end=\"183\">Il programma di Diritto amministrativo \u00e8 anzitutto volto a studiare gli strumenti di tutela offerti al cittadino<\/strong> per difendersi dagli atti adottati dalla <strong data-start=\"225\" data-end=\"253\">pubblica amministrazione<\/strong>.<br data-start=\"254\" data-end=\"257\" \/>Visto lo <strong data-start=\"266\" data-end=\"354\">stretto collegamento tra norme di diritto sostanziale e norme di diritto processuale<\/strong>, si dedicher\u00e0 anche molta attenzione \u2013 oltre che agli <strong data-start=\"409\" data-end=\"433\">istituti processuali<\/strong> \u2013 agli <strong data-start=\"441\" data-end=\"465\">istituti sostanziali<\/strong>, quando maggiormente collegati con il <strong data-start=\"504\" data-end=\"527\">profilo giustiziale<\/strong>.<\/p>\n<p data-start=\"530\" data-end=\"1033\"><strong data-start=\"530\" data-end=\"623\">L&#8217;indagine sar\u00e0 effettuata ponendo grande interesse ai caratteri evolutivi degli istituti<\/strong>, giacch\u00e9 <strong data-start=\"633\" data-end=\"661\">l&#8217;evoluzione tecnologica<\/strong> in atto ha gi\u00e0 apportato cambiamenti al <strong data-start=\"702\" data-end=\"725\">diritto processuale<\/strong> e ne apporter\u00e0 di ulteriori.<br data-start=\"754\" data-end=\"757\" \/><strong data-start=\"757\" data-end=\"828\">L&#8217;indagine sar\u00e0 condotta anche attraverso un&#8217;analisi comparatistica<\/strong>, volta a cogliere come <strong data-start=\"852\" data-end=\"912\">le evoluzioni in atto attecchiscono nei differenti paesi<\/strong>, soprattutto in quelli che, per <strong data-start=\"945\" data-end=\"982\">tradizioni culturali e giuridiche<\/strong>, risultano pi\u00f9 proficui da comparare con l\u2019Italia.<\/p>\n<p data-start=\"1035\" data-end=\"1407\">Pertanto, mediante <strong data-start=\"1054\" data-end=\"1097\">un approccio critico alle problematiche<\/strong>, fondato su <strong data-start=\"1110\" data-end=\"1156\">l\u2019evoluzione normativa e giurisprudenziale<\/strong>, filtrate attraverso <strong data-start=\"1178\" data-end=\"1203\">l\u2019apporto dottrinario<\/strong>, si perseguir\u00e0 l\u2019<strong data-start=\"1221\" data-end=\"1321\">obiettivo finale di favorire la piena comprensione delle peculiarit\u00e0 del processo amministrativo<\/strong>, pur nella maturata consapevolezza della <strong data-start=\"1363\" data-end=\"1406\">unicit\u00e0 della \u201cgiurisdizione-giustizia\u201d<\/strong>.<\/p>\n<p data-start=\"1409\" data-end=\"1489\"><strong data-start=\"1409\" data-end=\"1488\">Gli approfondimenti verteranno principalmente sulle seguenti aree tematiche<\/strong>:<\/p>\n<ul data-start=\"1491\" data-end=\"2121\">\n<li data-start=\"1491\" data-end=\"1536\">\n<p data-start=\"1493\" data-end=\"1536\"><strong data-start=\"1493\" data-end=\"1534\">La giustizia amministrativa in Italia<\/strong><\/p>\n<\/li>\n<li data-start=\"1537\" data-end=\"1585\">\n<p data-start=\"1539\" data-end=\"1585\"><strong data-start=\"1539\" data-end=\"1583\">Giusto processo e diritto amministrativo<\/strong><\/p>\n<\/li>\n<li data-start=\"1586\" data-end=\"1619\">\n<p data-start=\"1588\" data-end=\"1619\"><strong data-start=\"1588\" data-end=\"1617\">L&#8217;effettivit\u00e0 processuale<\/strong><\/p>\n<\/li>\n<li data-start=\"1620\" data-end=\"1679\">\n<p data-start=\"1622\" data-end=\"1679\"><strong data-start=\"1622\" data-end=\"1677\">Il sistema delle azioni nel processo amministrativo<\/strong><\/p>\n<\/li>\n<li data-start=\"1680\" data-end=\"1709\">\n<p data-start=\"1682\" data-end=\"1709\"><strong data-start=\"1682\" data-end=\"1707\">Le forme della tutela<\/strong><\/p>\n<\/li>\n<li data-start=\"1710\" data-end=\"1759\">\n<p data-start=\"1712\" data-end=\"1759\"><strong data-start=\"1712\" data-end=\"1757\">L&#8217;istruttoria nel processo amministrativo<\/strong><\/p>\n<\/li>\n<li data-start=\"1760\" data-end=\"1818\">\n<p data-start=\"1762\" data-end=\"1818\"><strong data-start=\"1762\" data-end=\"1816\">L&#8217;appello ed i mezzi di impugnazione straordinaria<\/strong><\/p>\n<\/li>\n<li data-start=\"1819\" data-end=\"1881\">\n<p data-start=\"1821\" data-end=\"1881\"><strong data-start=\"1821\" data-end=\"1879\">Il giudicato amministrativo \u201ca formazione progressiva\u201d<\/strong><\/p>\n<\/li>\n<li data-start=\"1882\" data-end=\"1905\">\n<p data-start=\"1884\" data-end=\"1905\"><strong data-start=\"1884\" data-end=\"1903\">I riti speciali<\/strong><\/p>\n<\/li>\n<li data-start=\"1906\" data-end=\"1925\">\n<p data-start=\"1908\" data-end=\"1925\"><strong data-start=\"1908\" data-end=\"1923\">L\u2019e-justice<\/strong><\/p>\n<\/li>\n<li data-start=\"1926\" data-end=\"2002\">\n<p data-start=\"1928\" data-end=\"2002\"><strong data-start=\"1928\" data-end=\"2000\">L&#8217;influenza del diritto europeo sul processo amministrativo italiano<\/strong><\/p>\n<\/li>\n<li data-start=\"2003\" data-end=\"2033\">\n<p data-start=\"2005\" data-end=\"2033\"><strong data-start=\"2005\" data-end=\"2031\">La patologia dell&#8217;atto<\/strong><\/p>\n<\/li>\n<li data-start=\"2034\" data-end=\"2082\">\n<p data-start=\"2036\" data-end=\"2082\"><strong data-start=\"2036\" data-end=\"2080\">I silenzi della pubblica amministrazione<\/strong><\/p>\n<\/li>\n<li data-start=\"2083\" data-end=\"2121\">\n<p data-start=\"2085\" data-end=\"2121\"><strong data-start=\"2085\" data-end=\"2121\">La motivazione dei provvedimenti<\/strong><\/p>\n<\/li>\n<\/ul>\n<p>[\/vc_column_text][\/vc_tta_section][vc_tta_section title=&#8221;Diritto Costituzionale&#8221; tab_id=&#8221;1750757582675-62092b10-a586&#8243;][vc_column_text]<\/p>\n<p data-start=\"110\" data-end=\"362\"><strong data-start=\"110\" data-end=\"189\">Il programma di Diritto costituzionale si articola in due principali filoni<\/strong>:<br data-start=\"190\" data-end=\"193\" \/><strong data-start=\"193\" data-end=\"251\">i fondamenti costituzionali delle garanzie processuali<\/strong>;<br data-start=\"252\" data-end=\"255\" \/><strong data-start=\"255\" data-end=\"361\">l\u2019analisi dei principi e delle regole che disciplinano il funzionamento della giustizia costituzionale<\/strong>.<\/p>\n<p data-start=\"364\" data-end=\"683\">In entrambi i casi si terr\u00e0 conto della <strong data-start=\"404\" data-end=\"454\">prospettiva delle relazioni interordinamentali<\/strong>, che si congiungono con la valenza dello studio della <strong data-start=\"509\" data-end=\"525\">Costituzione<\/strong>, oggi <strong data-start=\"532\" data-end=\"637\">pi\u00f9 che mai assunta al pi\u00f9 giuridico dei documenti politici e al pi\u00f9 politico dei documenti giuridici<\/strong>.<br data-start=\"638\" data-end=\"641\" \/>Ci\u00f2 porta a focalizzare l\u2019attenzione su:<\/p>\n<ul data-start=\"684\" data-end=\"938\">\n<li data-start=\"684\" data-end=\"743\">\n<p data-start=\"686\" data-end=\"743\">le <strong data-start=\"689\" data-end=\"740\">funzioni soggettive e oggettive della giustizia<\/strong>,<\/p>\n<\/li>\n<li data-start=\"744\" data-end=\"938\">\n<p data-start=\"746\" data-end=\"938\">le <strong data-start=\"749\" data-end=\"771\">prassi processuali<\/strong> che, in diversa misura, si riflettono nei <strong data-start=\"814\" data-end=\"836\">\u201ctipi\u201d di giudizio<\/strong>,<br data-start=\"837\" data-end=\"840\" \/>in una continua oscillazione tra <strong data-start=\"873\" data-end=\"899\">protezione del singolo<\/strong> e <strong data-start=\"902\" data-end=\"937\">questioni di interesse generale<\/strong>.<\/p>\n<\/li>\n<\/ul>\n<p data-start=\"940\" data-end=\"1214\"><strong data-start=\"940\" data-end=\"1011\">Si osserver\u00e0 l\u2019impatto dell\u2019evoluzione della disciplina processuale<\/strong>, in particolare del <strong data-start=\"1032\" data-end=\"1059\">processo costituzionale<\/strong>, alla luce della <strong data-start=\"1077\" data-end=\"1105\">circolazione dei modelli<\/strong>, cui la <strong data-start=\"1114\" data-end=\"1190\">Corte costituzionale italiana ha recentemente mostrato maggiore apertura<\/strong> (es. <strong data-start=\"1196\" data-end=\"1212\">caso Cappato<\/strong>).<\/p>\n<p data-start=\"1216\" data-end=\"1426\"><strong data-start=\"1216\" data-end=\"1350\">Gli ultimi approdi interpretativi indicano un generale ripensamento di alcune categorie del giudizio di legittimit\u00e0 costituzionale<\/strong>, considerate ora anche in rapporto con <strong data-start=\"1390\" data-end=\"1425\">profili sostanziali del diritto<\/strong>.<\/p>\n<p data-start=\"1428\" data-end=\"1497\"><strong data-start=\"1428\" data-end=\"1496\">Il programma si sviluppa principalmente sulle seguenti tematiche<\/strong>:<\/p>\n<ul data-start=\"1499\" data-end=\"2162\">\n<li data-start=\"1499\" data-end=\"1561\">\n<p data-start=\"1501\" data-end=\"1561\"><strong data-start=\"1501\" data-end=\"1559\">i fondamenti costituzionali delle garanzie processuali<\/strong><\/p>\n<\/li>\n<li data-start=\"1562\" data-end=\"1626\">\n<p data-start=\"1564\" data-end=\"1626\"><strong data-start=\"1564\" data-end=\"1624\">i fondamenti costituzionali dell\u2019ordinamento giudiziario<\/strong><\/p>\n<\/li>\n<li data-start=\"1627\" data-end=\"1713\">\n<p data-start=\"1629\" data-end=\"1713\"><strong data-start=\"1629\" data-end=\"1711\">l\u2019autonomia e l\u2019indipendenza della magistratura e degli organi giurisdizionali<\/strong><\/p>\n<\/li>\n<li data-start=\"1714\" data-end=\"1791\">\n<p data-start=\"1716\" data-end=\"1791\"><strong data-start=\"1716\" data-end=\"1746\">il gioco delle \u201ctre Corti\u201d<\/strong> (ordinarie, costituzionale e sovrastatali)<\/p>\n<\/li>\n<li data-start=\"1792\" data-end=\"1861\">\n<p data-start=\"1794\" data-end=\"1861\"><strong data-start=\"1794\" data-end=\"1859\">origini, definizione e modelli della giustizia costituzionale<\/strong><\/p>\n<\/li>\n<li data-start=\"1862\" data-end=\"1920\">\n<p data-start=\"1864\" data-end=\"1920\"><strong data-start=\"1864\" data-end=\"1918\">garanzie d\u2019indipendenza della Corte costituzionale<\/strong><\/p>\n<\/li>\n<li data-start=\"1921\" data-end=\"1972\">\n<p data-start=\"1923\" data-end=\"1972\"><strong data-start=\"1923\" data-end=\"1970\">regole di organizzazione e di funzionamento<\/strong><\/p>\n<\/li>\n<li data-start=\"1973\" data-end=\"2032\">\n<p data-start=\"1975\" data-end=\"2032\"><strong data-start=\"1975\" data-end=\"2030\">i giudizi di legittimit\u00e0 costituzionale delle leggi<\/strong><\/p>\n<\/li>\n<li data-start=\"2033\" data-end=\"2068\">\n<p data-start=\"2035\" data-end=\"2068\"><strong data-start=\"2035\" data-end=\"2066\">i conflitti di attribuzione<\/strong><\/p>\n<\/li>\n<li data-start=\"2069\" data-end=\"2122\">\n<p data-start=\"2071\" data-end=\"2122\"><strong data-start=\"2071\" data-end=\"2120\">il giudizio sull\u2019ammissibilit\u00e0 del referendum<\/strong><\/p>\n<\/li>\n<li data-start=\"2123\" data-end=\"2162\">\n<p data-start=\"2125\" data-end=\"2162\"><strong data-start=\"2125\" data-end=\"2162\">il giudizio penale costituzionale<\/strong><\/p>\n<\/li>\n<\/ul>\n<p>[\/vc_column_text][\/vc_tta_section][vc_tta_section title=&#8221;Diritto Tributario&#8221; tab_id=&#8221;1750757605798-c1d9f3f2-e68c&#8221;][vc_column_text]<\/p>\n<p data-start=\"92\" data-end=\"992\"><strong data-start=\"92\" data-end=\"342\">Il modulo persegue, attraverso accurata opera di ricerca, l\u2019obiettivo di delineare, in chiave storico-evolutiva e prospettica, il peculiare atteggiarsi dei rapporti tra processo civile, penale, amministrativo e procedimento e processo tributario.<\/strong><br data-start=\"342\" data-end=\"345\" \/>Ci\u00f2 soprattutto alla luce di <strong data-start=\"374\" data-end=\"401\">significative criticit\u00e0<\/strong>, dapprima <strong data-start=\"412\" data-end=\"470\">enucleate dalle non univoche impostazioni ermeneutiche<\/strong> recepite nella <strong data-start=\"486\" data-end=\"508\">prassi applicativa<\/strong>, che hanno costituito oggetto di <strong data-start=\"542\" data-end=\"576\">aspro confronto nella dottrina<\/strong> e di <strong data-start=\"582\" data-end=\"624\" data-is-only-node=\"\">distoniche pronunzie giurisprudenziali<\/strong> e che, solo successivamente, sono state <strong data-start=\"665\" data-end=\"727\">trasfuse in reiterate remissioni alla Corte Costituzionale<\/strong> degli aspetti maggiormente controversi.<br data-start=\"767\" data-end=\"770\" \/><strong data-start=\"770\" data-end=\"894\">Il fine \u00e8 l\u2019individuazione di meccanismi e sistemi di raccordo procedimentale propri e meno suscettibili di confliggenza<\/strong>, approfondendo, ad esempio, <strong data-start=\"923\" data-end=\"970\">quello della c.d. \u201cpregiudiziale invertita\u201d<\/strong>, unitamente ad altri.<\/p>\n<p data-start=\"994\" data-end=\"1064\"><strong data-start=\"994\" data-end=\"1063\">Gli approfondimenti verteranno principalmente sulle seguenti aree<\/strong>:<\/p>\n<ul data-start=\"1066\" data-end=\"1749\">\n<li data-start=\"1066\" data-end=\"1101\">\n<p data-start=\"1068\" data-end=\"1101\"><strong data-start=\"1068\" data-end=\"1099\">La giurisdizione tributaria<\/strong><\/p>\n<\/li>\n<li data-start=\"1102\" data-end=\"1150\">\n<p data-start=\"1104\" data-end=\"1150\"><strong data-start=\"1104\" data-end=\"1148\">La c.d. \u201cquinta magistratura tributaria\u201d<\/strong><\/p>\n<\/li>\n<li data-start=\"1151\" data-end=\"1191\">\n<p data-start=\"1153\" data-end=\"1191\"><strong data-start=\"1153\" data-end=\"1189\">Il ricorso in materia tributaria<\/strong><\/p>\n<\/li>\n<li data-start=\"1192\" data-end=\"1267\">\n<p data-start=\"1194\" data-end=\"1267\"><strong data-start=\"1194\" data-end=\"1265\">Il reclamo, la mediazione e la conciliazione: effetti e conseguenze<\/strong><\/p>\n<\/li>\n<li data-start=\"1268\" data-end=\"1315\">\n<p data-start=\"1270\" data-end=\"1315\"><strong data-start=\"1270\" data-end=\"1313\">Le impugnazioni nel processo tributario<\/strong><\/p>\n<\/li>\n<li data-start=\"1316\" data-end=\"1388\">\n<p data-start=\"1318\" data-end=\"1388\"><strong data-start=\"1318\" data-end=\"1386\">La sospensione dell\u2019atto impugnato e la conciliazione giudiziale<\/strong><\/p>\n<\/li>\n<li data-start=\"1389\" data-end=\"1484\">\n<p data-start=\"1391\" data-end=\"1484\"><strong data-start=\"1391\" data-end=\"1482\">L\u2019onere della prova, il regime delle prove e i poteri istruttori del giudice tributario<\/strong><\/p>\n<\/li>\n<li data-start=\"1485\" data-end=\"1563\">\n<p data-start=\"1487\" data-end=\"1563\"><strong data-start=\"1487\" data-end=\"1561\">L\u2019esecuzione delle sentenze, il giudicato ed i provvedimenti cautelari<\/strong><\/p>\n<\/li>\n<li data-start=\"1564\" data-end=\"1594\">\n<p data-start=\"1566\" data-end=\"1594\"><strong data-start=\"1566\" data-end=\"1592\">Il processo telematico<\/strong><\/p>\n<\/li>\n<li data-start=\"1595\" data-end=\"1657\">\n<p data-start=\"1597\" data-end=\"1657\"><strong data-start=\"1597\" data-end=\"1655\">La sezione civile tributaria della Corte di Cassazione<\/strong><\/p>\n<\/li>\n<li data-start=\"1658\" data-end=\"1749\">\n<p data-start=\"1660\" data-end=\"1749\"><strong data-start=\"1660\" data-end=\"1749\">L\u2019applicabilit\u00e0 degli istituti predittivi a seguito della riforma del processo civile<\/strong><\/p>\n<\/li>\n<\/ul>\n<p>[\/vc_column_text][\/vc_tta_section][vc_tta_section title=&#8221;Diritto Commerciale&#8221; tab_id=&#8221;1750757637901-909babbd-63da&#8221;][vc_column_text]<\/p>\n<p data-start=\"108\" data-end=\"965\"><strong data-start=\"108\" data-end=\"275\">La recente entrata in vigore del Codice della crisi d\u2019impresa e dell\u2019insolvenza pone lo studioso di fronte alla necessit\u00e0 di destreggiarsi in un contesto normativo<\/strong> che, accanto alla <strong data-start=\"294\" data-end=\"367\">trasposizione, per alcuni istituti, fedele della \u201cvecchia\u201d disciplina<\/strong> contenuta nella legge fallimentare, <strong data-start=\"404\" data-end=\"482\">si confronta con strumenti di regolazione della crisi d\u2019impresa innovativi<\/strong>.<br data-start=\"483\" data-end=\"486\" \/><strong data-start=\"486\" data-end=\"572\">La pletora degli strumenti a disposizione dell\u2019imprenditore si \u00e8 difatti allargata<\/strong>, con l\u2019aggiunta di <strong data-start=\"592\" data-end=\"621\">meccanismi di regolazione<\/strong> che dovrebbero spingere <strong data-start=\"646\" data-end=\"705\" data-is-only-node=\"\">l\u2019imprenditore, anche minore, a intervenire molto prima<\/strong> che la crisi o l\u2019insolvenza si manifestino.<br data-start=\"749\" data-end=\"752\" \/><strong data-start=\"752\" data-end=\"893\">In questa prospettiva, emerge altres\u00ec l\u2019importanza dello studio della nuova disciplina che impone l\u2019allestimento di assetti organizzativi<\/strong>, nella prospettiva di <strong data-start=\"916\" data-end=\"964\">prevenire il rischio di crisi o d\u2019insolvenza<\/strong>.<\/p>\n<p data-start=\"967\" data-end=\"1047\"><strong data-start=\"967\" data-end=\"1046\">Gli approfondimenti verteranno principalmente sulle seguenti aree tematiche<\/strong>:<\/p>\n<p data-start=\"1049\" data-end=\"1841\">\u2013 <strong data-start=\"1051\" data-end=\"1146\">Assetti organizzativi, amministrativi e contabili in funzione della prevenzione della crisi<\/strong><br data-start=\"1146\" data-end=\"1149\" \/>\u2013 <strong data-start=\"1151\" data-end=\"1208\">Fattori ESG nella (prevenzione della) crisi d\u2019impresa<\/strong><br data-start=\"1208\" data-end=\"1211\" \/>\u2013 <strong data-start=\"1213\" data-end=\"1341\">Composizione negoziata della crisi d\u2019impresa, concordato semplificato e segnalazioni per la anticipata emersione della crisi<\/strong><br data-start=\"1341\" data-end=\"1344\" \/>\u2013 <strong data-start=\"1346\" data-end=\"1476\">Procedimento unitario per l\u2019accesso agli strumenti di regolazione della crisi e dell\u2019insolvenza e alla liquidazione giudiziale<\/strong><br data-start=\"1476\" data-end=\"1479\" \/>\u2013 <strong data-start=\"1481\" data-end=\"1521\">Strumenti di regolazione della crisi<\/strong><br data-start=\"1521\" data-end=\"1524\" \/>\u2013 <strong data-start=\"1526\" data-end=\"1576\">Concordato preventivo con continuit\u00e0 aziendale<\/strong><br data-start=\"1576\" data-end=\"1579\" \/>\u2013 <strong data-start=\"1581\" data-end=\"1633\">La finanza \u201cnuova\u201d erogata nella crisi d\u2019impresa<\/strong><br data-start=\"1633\" data-end=\"1636\" \/>\u2013 <strong data-start=\"1638\" data-end=\"1706\">Il curatore come gestore dell\u2019impresa in liquidazione giudiziale<\/strong><br data-start=\"1706\" data-end=\"1709\" \/>\u2013 <strong data-start=\"1711\" data-end=\"1770\">Le disposizioni penali del Codice della crisi d\u2019impresa<\/strong><br data-start=\"1770\" data-end=\"1773\" \/>\u2013 <strong data-start=\"1775\" data-end=\"1841\">Le procedure di composizione della crisi da sovraindebitamento<\/strong><\/p>\n<p>[\/vc_column_text][\/vc_tta_section][vc_tta_section title=&#8221;Diritto e Religione&#8221; tab_id=&#8221;1750840827678-ee9d365a-f32f&#8221;][vc_column_text]<\/p>\n<p data-start=\"90\" data-end=\"1274\"><strong data-start=\"90\" data-end=\"246\">Il programma ha l&#8217;obiettivo di analizzare i principi e le regole che disciplinano le relazioni fra Stato e confessioni in ambito di diritto processuale.<\/strong><br data-start=\"246\" data-end=\"249\" \/><strong data-start=\"249\" data-end=\"394\">Si soffermer\u00e0 sulla richiesta delle confessioni a essere riconosciute nell&#8217;arena pubblica con un certo grado di indipendenza giurisdizionale.<\/strong><br data-start=\"394\" data-end=\"397\" \/>Per l\u2019Italia, <strong data-start=\"411\" data-end=\"503\">l\u2019esempio \u00e8 fornito dalla delibazione di sentenze ecclesiastiche di nullit\u00e0 matrimoniale<\/strong>.<br data-start=\"504\" data-end=\"507\" \/>Per altri Stati occidentali \u2013 <strong data-start=\"537\" data-end=\"581\" data-is-only-node=\"\">come gli USA, il Canada e il Regno Unito<\/strong> \u2013 l\u2019attenzione si focalizza sui <strong data-start=\"614\" data-end=\"646\">Muslim Arbitration Tribunals<\/strong> facenti capo a <strong data-start=\"662\" data-end=\"710\">gruppi normatori confessionalmente orientati<\/strong>.<br data-start=\"711\" data-end=\"714\" \/><strong data-start=\"714\" data-end=\"766\">Si tratta di vere e proprie macchine processuali<\/strong> che, nel quadro delle <strong data-start=\"789\" data-end=\"815\">regole sugli arbitrati<\/strong> o addirittura in modo <strong data-start=\"838\" data-end=\"855\">non ufficiale<\/strong> (v. <strong data-start=\"860\" data-end=\"898\">le Sharia Councils nel Regno Unito<\/strong>), <strong data-start=\"901\" data-end=\"962\">producono Alternative Dispute Resolutions (ADR) religiose<\/strong>.<br data-start=\"963\" data-end=\"966\" \/>D&#8217;altra parte, <strong data-start=\"981\" data-end=\"1046\">il Programma cercher\u00e0 di testare il grado di aconfessionalit\u00e0<\/strong> dei <strong data-start=\"1051\" data-end=\"1126\">filoni giurisprudenziali riguardanti le materie bioeticamente rilevanti<\/strong>.<br data-start=\"1127\" data-end=\"1130\" \/><strong data-start=\"1130\" data-end=\"1199\">Dai fronti laici e religiosi, le vediamo riversarsi nei dibattiti<\/strong> incentrati sul <strong data-start=\"1215\" data-end=\"1273\">ruolo e sull\u2019esegesi delle disposizioni costituzionali<\/strong>.<\/p>\n<p data-start=\"1276\" data-end=\"1345\"><strong data-start=\"1276\" data-end=\"1344\">Il programma si sviluppa principalmente sulle seguenti tematiche<\/strong>:<\/p>\n<ul data-start=\"1347\" data-end=\"1978\">\n<li data-start=\"1347\" data-end=\"1393\">\n<p data-start=\"1349\" data-end=\"1393\"><strong data-start=\"1349\" data-end=\"1391\">Natura giuridica del processo canonico<\/strong><\/p>\n<\/li>\n<li data-start=\"1394\" data-end=\"1448\">\n<p data-start=\"1396\" data-end=\"1448\"><strong data-start=\"1396\" data-end=\"1446\">I presupposti processuali nel diritto canonico<\/strong><\/p>\n<\/li>\n<li data-start=\"1449\" data-end=\"1484\">\n<p data-start=\"1451\" data-end=\"1484\"><strong data-start=\"1451\" data-end=\"1482\">I tipi di processo canonico<\/strong><\/p>\n<\/li>\n<li data-start=\"1485\" data-end=\"1527\">\n<p data-start=\"1487\" data-end=\"1527\"><strong data-start=\"1487\" data-end=\"1525\">Giurisdizione e potest\u00e0 giudiziale<\/strong><\/p>\n<\/li>\n<li data-start=\"1528\" data-end=\"1568\">\n<p data-start=\"1530\" data-end=\"1568\"><strong data-start=\"1530\" data-end=\"1566\">I soggetti del processo canonico<\/strong><\/p>\n<\/li>\n<li data-start=\"1569\" data-end=\"1634\">\n<p data-start=\"1571\" data-end=\"1634\"><strong data-start=\"1571\" data-end=\"1632\">L&#8217;esercizio dell&#8217;ufficio giudicante nel processo canonico<\/strong><\/p>\n<\/li>\n<li data-start=\"1635\" data-end=\"1708\">\n<p data-start=\"1637\" data-end=\"1708\"><strong data-start=\"1637\" data-end=\"1706\">La delibazione di sentenze ecclesiastiche di nullit\u00e0 matrimoniale<\/strong><\/p>\n<\/li>\n<li data-start=\"1709\" data-end=\"1773\">\n<p data-start=\"1711\" data-end=\"1773\"><strong data-start=\"1711\" data-end=\"1771\">L&#8217;evoluzione della giurisprudenza in tema di delibazione<\/strong><\/p>\n<\/li>\n<li data-start=\"1774\" data-end=\"1803\">\n<p data-start=\"1776\" data-end=\"1803\"><strong data-start=\"1776\" data-end=\"1801\">I tribunali religiosi<\/strong><\/p>\n<\/li>\n<li data-start=\"1804\" data-end=\"1876\">\n<p data-start=\"1806\" data-end=\"1876\"><strong data-start=\"1806\" data-end=\"1874\">Il caso dei Muslim Arbitration Tribunals e delle Sharia Councils<\/strong><\/p>\n<\/li>\n<li data-start=\"1877\" data-end=\"1978\">\n<p data-start=\"1879\" data-end=\"1978\"><strong data-start=\"1879\" data-end=\"1978\">I giudici statali ed ecclesiastici di fronte alle materie eticamente e religiosamente rilevanti<\/strong><\/p>\n<\/li>\n<\/ul>\n<p>[\/vc_column_text][\/vc_tta_section][vc_tta_section title=&#8221;Storia del diritto medievale e moderno&#8221; tab_id=&#8221;1750757659328-1c00766c-9098&#8243;][vc_column_text]Certamente, ecco il testo con le parole chiave in grassetto:<\/p>\n<p>Il programma di <b>Storia del diritto medievale e moderno<\/b> ha come obiettivo l\u2019approfondimento dei caratteri della storia della <b>giustizia<\/b> e del <b>processo<\/b> tra <b>ascendenze medievali<\/b>, <b>proiezioni moderne<\/b> e <b>orizzonti contemporanei<\/b>.<\/p>\n<p>L\u2019utilizzo della <b>prospettiva diacronica<\/b> permetter\u00e0 di cogliere, in particolare, gli itinerari della <b>giustizia<\/b> dallo <b>Stato giurisdizionale di Antico Regime<\/b> allo <b>Stato di diritto<\/b>, e dallo <b>Stato costituzionale di diritto<\/b> alle <b>forme contemporanee di Stato giurisdizionale<\/b>, tra <b>crisi della legalit\u00e0<\/b>, <b>armonizzazione degli ordinamenti giuridici<\/b>, <b>tutela giurisdizionale dei diritti<\/b>, <b>metodi alternativi di prevenzione e gestione dei conflitti<\/b>.<\/p>\n<p>Saranno esaminate, principalmente, le seguenti aree tematiche:<\/p>\n<ul>\n<li><b>giurisdizione e sovranit\u00e0<\/b>;<\/li>\n<li>il <b>monopolio statuale della giurisdizione<\/b>;<\/li>\n<li>l\u2019<b>emergenza<\/b> tra <b>legislazione<\/b>, <b>magistratura<\/b> e <b>avvocatura<\/b>;<\/li>\n<li><b>giustizia e repressione<\/b> nelle <b>esperienze totalitarie<\/b>;<\/li>\n<li><b>teoria giuridica e giustizia costituzionale<\/b>;<\/li>\n<li>il <b>carattere transnazionale della giurisdizione<\/b>;<\/li>\n<li><b>certezza del diritto e giustizia predittiva<\/b>.<\/li>\n<\/ul>\n<p>[\/vc_column_text][\/vc_tta_section][vc_tta_section title=&#8221;Diritto Privato&#8221; tab_id=&#8221;1750757685516-a3d9299e-0e30&#8243;][vc_column_text]Il modulo ha come obiettivo lo <b>studio approfondito degli aspetti privatistici<\/b> di <b>temi classici<\/b> (quali il rapporto tra <b>interessi<\/b> e <b>procedimento<\/b>, <b>processo<\/b>, <b>fattispecie<\/b>, <b>precedenti giudiziali<\/b>, <b>giustizia<\/b>), rivisitati anche alla luce della loro interazione con <b>nuove disposizioni<\/b> adottate o adottande nell\u2019<b>ordinamento interno<\/b> o in <b>area UE<\/b>, dei pi\u00f9 recenti <b>contrasti giurisprudenziali e dottrinari<\/b> e delle <b>nuove tendenze e tematiche<\/b>, quali il profilo del rapporto tra <b>regole formali<\/b> e <b>giustizia sostanziale<\/b>, della <b>calcolabilit\u00e0 del diritto<\/b>, dell\u2019<b>automazione delle attivit\u00e0 giuridiche<\/b>, nonch\u00e9 il rapporto tra <b>giustizia e nuove tecnologie<\/b>.<\/p>\n<p>Avr\u00e0 quindi per oggetto gli <b>aspetti processuali e sostanziali<\/b> dei rapporti tra <b>normativa<\/b>, <b>procedimento<\/b>, <b>processo<\/b> e <b>tutele<\/b>, anche al fine dell\u2019indagine sui rapporti tra <b>processo e giustizia<\/b> e tra <b>giustizia e diritto calcolabile<\/b>; con approfondimenti sui rapporti tra <b>procedimenti e automazione<\/b>; sui nessi tra <b>fattispecie<\/b>, <b>precedenti<\/b> e <b>machine learning<\/b>; sulla <b>decisione robotica<\/b> e sulle relazioni tra <b>giustizia e intelligenza artificiale<\/b>; sulle <b>consulenze robotiche<\/b>: <b>contratti<\/b>, <b>pareri<\/b>, <b>atti giudiziali<\/b> e <b>intelligenza artificiale<\/b>.[\/vc_column_text][\/vc_tta_section][vc_tta_section title=&#8221;Diritto Romano&#8221; tab_id=&#8221;1750757705558-41ae44e1-c98d&#8221;][vc_column_text]Il programma di <b>Diritto romano<\/b> riguarder\u00e0 il <b>processo privato romano<\/b>, dalle <b>origini all&#8217;et\u00e0 post-classica e giustinianea<\/b>, in stretta correlazione con lo sviluppo del <b>diritto sostanziale<\/b>, prevalentemente formatosi attraverso la <b>prassi giudiziaria<\/b> e l&#8217;<b>opera creatrice del pretore romano<\/b>.<\/p>\n<p>L&#8217;analisi, pur nella sua <b>caratterizzazione storico-giuridica<\/b>, verr\u00e0 svolta in termini utili alla <b>formazione dei dottorandi di tutte le aree<\/b>, in una <b>prospettiva di comparazione diacronica e teorico-generale<\/b>.<\/p>\n<p>Speciale risalto sar\u00e0 dato al problema dell&#8217;incidenza della <b>tradizione processualistica romana<\/b> sulla formazione del <b>diritto processuale<\/b> nei sistemi di <b>Common Law<\/b> e di <b>Civil Law<\/b>.<\/p>\n<p>Il programma si svilupper\u00e0 principalmente sulle seguenti scansioni tematiche:<\/p>\n<ul>\n<li>dal <b>fatto alla norma attraverso il processo<\/b>;<\/li>\n<li>l&#8217;evoluzione delle <b>forme processuali<\/b>: dai <b>sistemi arcaici a struttura arbitrale privata<\/b> ai <b>sistemi statuali<\/b>;<\/li>\n<li>l&#8217;evoluzione del <b>processo privato romano<\/b> nell&#8217;incerto assetto <b>costituzionale del principato e del dominato<\/b>, il ruolo del <b>giudice-funzionario<\/b> e il <b>controllo politico del suo operato<\/b>;<\/li>\n<li>il <b>processo penale<\/b> e le sue specificit\u00e0;<\/li>\n<li>la <b>concezione medievale della giustizia<\/b> e il <b>ruolo unificante del diritto romano<\/b>;<\/li>\n<li>l&#8217;evoluzione &#8220;romanistica&#8221; della <b>Giustizia<\/b> e del <b>processo<\/b> nell&#8217;<b>Europa moderna<\/b> e nei <b>paesi angloamericani<\/b>;<\/li>\n<li>il &#8220;<b>diritto codificato<\/b>&#8221; e il &#8220;<b>diritto giurisprudenziale<\/b>&#8220;.<\/li>\n<li><b>Stare Decisis<\/b>. Il valore del <b>precedente giurisprudenziale<\/b> nei sistemi <b>codificati<\/b> e di <b>Common Law<\/b>: una <b>lettura romanistica<\/b>.<\/li>\n<\/ul>\n<p>[\/vc_column_text][\/vc_tta_section][vc_tta_section title=&#8221;Diritto Pubblico Comparato&#8221; tab_id=&#8221;1750757727667-3a379f9e-5897&#8243;][vc_column_text]Il programma di <b>Diritto comparato<\/b> si prefigge l\u2019obiettivo di approfondire i temi relativi all\u2019<b>accesso<\/b>, allo <b>svolgimento del giudizio<\/b> e alle <b>tecniche di decisione delle Corti costituzionali o Corti supreme<\/b>.<\/p>\n<p>I temi di taglio generale verteranno sulla configurazione del <b>giusto processo<\/b>, sul <b>dialogo tra le Corti<\/b>, sui <b>filtri all\u2019accesso alle Corti costituzionali\/Supreme<\/b>, sulla <b>capacit\u00e0 delle Corti di stabilire il proprio docket<\/b>, sulle <b>tecniche di garanzia dei diritti fondamentali<\/b>, nonch\u00e9 sull\u2019analisi del <b>ruolo del precedente nei sistemi di Common e Civil Law<\/b>.<\/p>\n<p>Pi\u00f9 nel dettaglio, i temi di maggiore interesse riguarderanno (a titolo indicativo e non esaustivo):<\/p>\n<ul>\n<li>nei sistemi con <b>Corti costituzionali<\/b>: le <b>vie di accesso alla Corte<\/b>; la tendenza alla <b>dilatazione dell\u2019oggetto e dei parametri di controllo<\/b>, l\u2019apertura all\u2019<b>incorporazione delle fonti di diritto internazionale<\/b> nel <b>blocco di costituzionalit\u00e0<\/b>; l\u2019inquadramento delle <b>decisioni delle Corti<\/b> quanto a <b>tipologia, effetti, vincolativit\u00e0<\/b> e <b>collocazione nel sistema delle fonti<\/b>; i <b>rapporti con gli altri poteri<\/b>, in particolare con il Parlamento; il ruolo nella <b>risoluzione dei conflitti costituzionali<\/b>.<\/li>\n<li>nei sistemi con <b>Corti Supreme<\/b>, oltre ai temi precedentemente indicati: l\u2019inquadramento della <b>struttura<\/b> e l\u2019analisi del <b>coordinamento delle attivit\u00e0 giurisdizionali di vertice<\/b> con quelle di <b>giurisdizione costituzionale delle libert\u00e0<\/b>.<\/li>\n<li>nei sistemi con <b>Corte di cassazione<\/b>: le prospettive sul <b>ruolo in trasformazione degli organi di legittimit\u00e0<\/b>.<\/li>\n<\/ul>\n<p>[\/vc_column_text][\/vc_tta_section][vc_tta_section title=&#8221;Filosofia del Diritto&#8221; tab_id=&#8221;1750841195247-1cfecc68-07d9&#8243;][vc_column_text]Il modulo di <b>Filosofia del diritto<\/b> si articola in due distinti approfondimenti: a) l&#8217;analisi, muovendo da un <b>approccio storico-evolutivo<\/b>, del concetto di <b>Teoria generale<\/b> al fine di cogliere l&#8217;odierna distinzione tra l&#8217;indirizzo &#8220;<b>fondativo<\/b>&#8221; di <b>Francesco Carnelutti<\/b> e quello &#8220;<b>normativo<\/b>&#8221; di <b>Norberto Bobbio<\/b>; b) l&#8217;analisi, attraverso la <b>metodologia mutuata dal cosiddetto Law and Literature Movement<\/b>, dei rapporti tra <b>processo e cultura<\/b> al fine di cogliere la <b>natura esistenziale e storico-politica<\/b>, ancor prima che istituzionale e giuridica, del <b>processo<\/b>.<\/p>\n<p>Il programma si sviluppa sulle seguenti tematiche:<\/p>\n<p>a) I precursori della <b>Teoria generale<\/b>: i <b>pandettisti in Germania<\/b>; alcuni \u201cderagliamenti\u201d in Francia e Inghilterra: la <b>Teoria generale \u201csenza il diritto\u201d<\/b>; un nuovo inizio: la <b>Teoria generale come metodo (Hans Kelsen)<\/b>; la <b>Teoria generale riferita ai principi (Ernst Rudolf Bierling)<\/b>; i primi tentativi in Italia: la <b>Teoria generale di Cesarini Sforza, Francesco Invrea e Giacomo Perticone<\/b>; la <b>Teoria generale nel pensiero di Francesco Carnelutti: la funzione e la struttura<\/b>; la <b>Teoria generale nel pensiero di Norberto Bobbio: la (sola) struttura<\/b>.<\/p>\n<p>b) Le due facce della medesima medaglia dell&#8217;arte: <b>discorso e figura<\/b>; <b>arte e diritto<\/b>: da <b>Ulpiano ai nostri giorni<\/b>; il <b>processo nell&#8217;arte<\/b>; il <b>processo come arte<\/b>; <b>storie e immagini del processo<\/b> (a partire da <i>La borsa di Miss Flite<\/i> di Bruno Cavallone); il \u201cdramma\u201d del giudizio attraverso il <b>cinematografo<\/b> (a partire dal film <i>Cronaca di un delitto<\/i> di Mario Sequi); sulla <b>differenza carneluttiana tra finzione e invenzione: le possibilit\u00e0 del processo<\/b>.[\/vc_column_text][\/vc_tta_section][\/vc_tta_accordion][\/vc_column][\/vc_row][vc_row css=&#8221;.vc_custom_1750860751697{background-position: center !important;background-repeat: no-repeat !important;background-size: cover !important;}&#8221; el_class=&#8221;bg-position&#8221;][vc_column][vc_separator border_width=&#8221;10&#8243; el_width=&#8221;80&#8243;][\/vc_column][\/vc_row][vc_row el_class=&#8221;container mx-auto&#8221; css=&#8221;.vc_custom_1750756353298{padding-right: 0px !important;padding-left: 0px !important;}&#8221;][vc_column el_class=&#8221;accordion-faq&#8221; css=&#8221;.vc_custom_1750756344291{padding-right: 0px !important;padding-left: 0px !important;}&#8221;][vc_tta_accordion title_tag=&#8221;h1&#8243; section_title_tag=&#8221;h3&#8243; style=&#8221;flat&#8221; shape=&#8221;square&#8221; color=&#8221;white&#8221; spacing=&#8221;10&#8243; active_section=&#8221;0&#8243; title=&#8221;Dottorandi&#8221; el_class=&#8221;home-acc&#8221; css=&#8221;.vc_custom_1762271053759{margin-top: 50px !important;margin-bottom: 80px !important;}&#8221;][vc_tta_section title=&#8221;XLI Ciclo&#8221; tab_id=&#8221;1762271269558-dec352b5-3794&#8243;]\n    <div class=\"lum-dottorandi-table-wrapper\">\n        <table class=\"lum-dottorandi-table\">\n            <thead>\n                <tr>\n                    <th>Dottorando img <\/th>\n                    <th>Dottorando<\/th>\n                    <th>Tutor<\/th>\n                    <th>Settore scientifico<\/th>\n                                            <th>IRIS<\/th>\n                                        <th>CV<\/th>\n                <\/tr>\n            <\/thead>\n            <tbody>\n                \n                                        <tr>\n                        <td data-label=\"Robero Balacco\" class=\"lum-img-col\">\n                            <div class=\"img-box\">\n                                <img decoding=\"async\" src=\"https:\/\/www.lum.it\/wp-content\/uploads\/2026\/04\/balacco-150x150.jpg\" alt=\"Robero Balacco\">\n                            <\/div>\n                        <\/td>\n                        <td data-label=\"Dottorando\">\n                            Robero Balacco                        <\/td>\n                        <td data-label=\"Tutor\">\n                            Francesco Vergine                        <\/td>\n                        <td data-label=\"Settore scientifico\">\n                            Diritto processuale penale                        <\/td>\n                                                <td data-label=\"IRIS\">\n                                                            <a href=\"https:\/\/ricerca.lum.it\/cris\/rp\/rp01082\" target=\"_blank\" rel=\"noopener\">\n                                    Vai a IRIS\n                                <\/a>\n                                                    <\/td>\n                                                <td data-label=\"CV\">\n                                                            <a href=\"https:\/\/www.lum.it\/wp-content\/uploads\/2026\/04\/BALACCO-CV.pdf\" target=\"_blank\" rel=\"noopener\">\n                                    Scarica CV\n                                <\/a>\n                                                    <\/td>\n                    <\/tr>\n                \n                                        <tr>\n                        <td data-label=\"Federica Bartoli\" class=\"lum-img-col\">\n                            <div class=\"img-box\">\n                                <img decoding=\"async\" src=\"https:\/\/www.lum.it\/wp-content\/uploads\/2026\/04\/bartoli-1.jpg\" alt=\"Federica Bartoli\">\n                            <\/div>\n                        <\/td>\n                        <td data-label=\"Dottorando\">\n                            Federica Bartoli                        <\/td>\n                        <td data-label=\"Tutor\">\n                            Mirko Abbamonte                        <\/td>\n                        <td data-label=\"Settore scientifico\">\n                            Diritto processuale civile                        <\/td>\n                                                <td data-label=\"IRIS\">\n                                                            <a href=\"https:\/\/ricerca.lum.it\/cris\/rp\/rp01086\" target=\"_blank\" rel=\"noopener\">\n                                    Vai a IRIS\n                                <\/a>\n                                                    <\/td>\n                                                <td data-label=\"CV\">\n                                                            <a href=\"https:\/\/www.lum.it\/wp-content\/uploads\/2026\/04\/BARTOLI-CV.pdf\" target=\"_blank\" rel=\"noopener\">\n                                    Scarica CV\n                                <\/a>\n                                                    <\/td>\n                    <\/tr>\n                \n                                        <tr>\n                        <td data-label=\"Jenny Carrieri\" class=\"lum-img-col\">\n                            <div class=\"img-box\">\n                                <img decoding=\"async\" src=\"https:\/\/www.lum.it\/wp-content\/uploads\/2026\/04\/carrierijenny.jpg\" alt=\"Jenny Carrieri\">\n                            <\/div>\n                        <\/td>\n                        <td data-label=\"Dottorando\">\n                            Jenny Carrieri                        <\/td>\n                        <td data-label=\"Tutor\">\n                            Francesco Alicino                        <\/td>\n                        <td data-label=\"Settore scientifico\">\n                            Diritto pubblico delle religioni                        <\/td>\n                                                <td data-label=\"IRIS\">\n                                                            <a href=\"https:\/\/ricerca.lum.it\/cris\/rp\/rp01087\" target=\"_blank\" rel=\"noopener\">\n                                    Vai a IRIS\n                                <\/a>\n                                                    <\/td>\n                                                <td data-label=\"CV\">\n                                                            <a href=\"https:\/\/www.lum.it\/wp-content\/uploads\/2026\/04\/CARRIERI-CV.pdf\" target=\"_blank\" rel=\"noopener\">\n                                    Scarica CV\n                                <\/a>\n                                                    <\/td>\n                    <\/tr>\n                \n                                        <tr>\n                        <td data-label=\"Flavia Rita Decaro\" class=\"lum-img-col\">\n                            <div class=\"img-box\">\n                                <img decoding=\"async\" src=\"https:\/\/www.lum.it\/wp-content\/uploads\/2026\/04\/decaro.jpg\" alt=\"Flavia Rita Decaro\">\n                            <\/div>\n                        <\/td>\n                        <td data-label=\"Dottorando\">\n                            Flavia Rita Decaro                        <\/td>\n                        <td data-label=\"Tutor\">\n                            Francesco Vergine                        <\/td>\n                        <td data-label=\"Settore scientifico\">\n                            Diritto Processuale Penale                        <\/td>\n                                                <td data-label=\"IRIS\">\n                                                            <a href=\"https:\/\/ricerca.lum.it\/cris\/rp\/rp01121\" target=\"_blank\" rel=\"noopener\">\n                                    Vai a IRIS\n                                <\/a>\n                                                    <\/td>\n                                                <td data-label=\"CV\">\n                                                            <a href=\"https:\/\/www.lum.it\/wp-content\/uploads\/2026\/04\/DECARO-CV.pdf\" target=\"_blank\" rel=\"noopener\">\n                                    Scarica CV\n                                <\/a>\n                                                    <\/td>\n                    <\/tr>\n                \n                                        <tr>\n                        <td data-label=\"Eleonora Teresa Delmedico\" class=\"lum-img-col\">\n                            <div class=\"img-box\">\n                                <img decoding=\"async\" src=\"https:\/\/www.lum.it\/wp-content\/uploads\/2026\/04\/delmedico-150x150.jpg\" alt=\"Eleonora Teresa Delmedico\">\n                            <\/div>\n                        <\/td>\n                        <td data-label=\"Dottorando\">\n                            Eleonora Teresa Delmedico                        <\/td>\n                        <td data-label=\"Tutor\">\n                            Caterina Luisa Appio                        <\/td>\n                        <td data-label=\"Settore scientifico\">\n                            Diritto commerciale                        <\/td>\n                                                <td data-label=\"IRIS\">\n                                                            <a href=\"https:\/\/ricerca.lum.it\/cris\/rp\/rp01092\" target=\"_blank\" rel=\"noopener\">\n                                    Vai a IRIS\n                                <\/a>\n                                                    <\/td>\n                                                <td data-label=\"CV\">\n                                                            <a href=\"https:\/\/www.lum.it\/wp-content\/uploads\/2026\/04\/DELMEDICO-CV.pdf\" target=\"_blank\" rel=\"noopener\">\n                                    Scarica CV\n                                <\/a>\n                                                    <\/td>\n                    <\/tr>\n                            <\/tbody>\n        <\/table>\n    <\/div>\n    <style>\n        .lum-dottorandi-table {\n  width: 100%;\n  border-collapse: collapse;\n}\n\n.lum-dottorandi-table th,\n.lum-dottorandi-table td {\n  padding: 12px;\n  border-bottom: 1px solid #ddd;\n  text-align: left;\n}\n.img-box {\n    width: 60px;\n    height: 60px;\n    background: white;\n    border: 2px solid #8e193b;\n    border-radius: 50%;\n    overflow:hidden;\n}\n.img-box img {\n    object-fit: cover;\n    width: 100%;\n    height: 100%;\n}\n.lum-dottorandi-table thead {\n  background: #f5f5f5;\n}\n\n\/* ===========================\n   MOBILE\n=========================== *\/\n@media (max-width: 768px) {\n  .lum-dottorandi-table thead {\n    display: none;\n  }\n\n  .lum-dottorandi-table,\n  .lum-dottorandi-table tbody,\n  .lum-dottorandi-table tr,\n  .lum-dottorandi-table td {\n    display: block;\n    width: 100%;\n  }\n\n  .lum-dottorandi-table tr {\n    margin-bottom: 20px;\n    border: 1px solid #eee;\n    padding: 10px;\n  }\n\n  .lum-dottorandi-table td {\n    display: flex;\n    justify-content: space-between;\n    gap: 10px;\n    padding: 8px 0;\n  }\n\n    .lum-dottorandi-table td::before {\n        content: attr(data-label);\n        font-weight: 600;\n        flex: 0 0 40%;\n        display: flex;\n        align-items: center;\n    }\n\n}\n<\/style>\n    [vc_column_text][\/vc_column_text][\/vc_tta_section][vc_tta_section title=&#8221;XL Ciclo&#8221; tab_id=&#8221;1776085940802-3f72e141-9792&#8243;]\n    <div class=\"lum-dottorandi-table-wrapper\">\n        <table class=\"lum-dottorandi-table\">\n            <thead>\n                <tr>\n                    <th>Dottorando img <\/th>\n                    <th>Dottorando<\/th>\n                    <th>Tutor<\/th>\n                    <th>Settore scientifico<\/th>\n                                            <th>IRIS<\/th>\n                                        <th>CV<\/th>\n                <\/tr>\n            <\/thead>\n            <tbody>\n                \n                                        <tr>\n                        <td data-label=\"Amedeo Creatore\" class=\"lum-img-col\">\n                            <div class=\"img-box\">\n                                <img decoding=\"async\" src=\"https:\/\/www.lum.it\/wp-content\/uploads\/2026\/02\/creatore-150x150.jpg\" alt=\"Amedeo Creatore\">\n                            <\/div>\n                        <\/td>\n                        <td data-label=\"Dottorando\">\n                            Amedeo Creatore                        <\/td>\n                        <td data-label=\"Tutor\">\n                            Francesco Alicino                        <\/td>\n                        <td data-label=\"Settore scientifico\">\n                            Diritto e religioni                        <\/td>\n                                                <td data-label=\"IRIS\">\n                                                            <a href=\"https:\/\/ricerca.lum.it\/cris\/rp\/rp01102\" target=\"_blank\" rel=\"noopener\">\n                                    Vai a IRIS\n                                <\/a>\n                                                    <\/td>\n                                                <td data-label=\"CV\">\n                                                            <a href=\"https:\/\/www.lum.it\/wp-content\/uploads\/2026\/02\/CV_LUM-Amedeo-Creatore.pdf\" target=\"_blank\" rel=\"noopener\">\n                                    Scarica CV\n                                <\/a>\n                                                    <\/td>\n                    <\/tr>\n                \n                                        <tr>\n                        <td data-label=\"Mariangela Barracchia\" class=\"lum-img-col\">\n                            <div class=\"img-box\">\n                                <img decoding=\"async\" src=\"https:\/\/www.lum.it\/wp-content\/uploads\/2026\/02\/barracchia-150x150.jpg\" alt=\"Mariangela Barracchia\">\n                            <\/div>\n                        <\/td>\n                        <td data-label=\"Dottorando\">\n                            Mariangela Barracchia                        <\/td>\n                        <td data-label=\"Tutor\">\n                            Angelo Giuseppe Orofino                        <\/td>\n                        <td data-label=\"Settore scientifico\">\n                            Diritto amministrativo e pubblico                        <\/td>\n                                                <td data-label=\"IRIS\">\n                                                            <a href=\"https:\/\/ricerca.lum.it\/cris\/rp\/rp00888\" target=\"_blank\" rel=\"noopener\">\n                                    Vai a IRIS\n                                <\/a>\n                                                    <\/td>\n                                                <td data-label=\"CV\">\n                                                            <a href=\"https:\/\/www.lum.it\/wp-content\/uploads\/2026\/02\/CV_LUM-MariangelaBarracchia.pdf\" target=\"_blank\" rel=\"noopener\">\n                                    Scarica CV\n                                <\/a>\n                                                    <\/td>\n                    <\/tr>\n                \n                                        <tr>\n                        <td data-label=\"Carla Cozzi\" class=\"lum-img-col\">\n                            <div class=\"img-box\">\n                                <img decoding=\"async\" src=\"https:\/\/www.lum.it\/wp-content\/uploads\/2026\/02\/cozzi-150x150.jpg\" alt=\"Carla Cozzi\">\n                            <\/div>\n                        <\/td>\n                        <td data-label=\"Dottorando\">\n                            Carla Cozzi                        <\/td>\n                        <td data-label=\"Tutor\">\n                            Angelo Giuseppe Orofino (Universit\u00e0 LUM Giuseppe Degennaro) Co-tutela Olivier Renaudie (Universit\u00e9 Paris 1 Panth\u00e9on-Sorbonne)                        <\/td>\n                        <td data-label=\"Settore scientifico\">\n                            Diritto amministrativo e pubblico                        <\/td>\n                                                <td data-label=\"IRIS\">\n                                                    <\/td>\n                                                <td data-label=\"CV\">\n                                                            <a href=\"https:\/\/www.lum.it\/wp-content\/uploads\/2026\/02\/CV_LUM-COZZI.pdf\" target=\"_blank\" rel=\"noopener\">\n                                    Scarica CV\n                                <\/a>\n                                                    <\/td>\n                    <\/tr>\n                \n                                        <tr>\n                        <td data-label=\"Giorgia Margarito\" class=\"lum-img-col\">\n                            <div class=\"img-box\">\n                                <img decoding=\"async\" src=\"https:\/\/www.lum.it\/wp-content\/uploads\/2022\/04\/IDP-LUM-400x300-1.png\" alt=\"Giorgia Margarito\">\n                            <\/div>\n                        <\/td>\n                        <td data-label=\"Dottorando\">\n                            Giorgia Margarito                        <\/td>\n                        <td data-label=\"Tutor\">\n                            Francesco Vergine                        <\/td>\n                        <td data-label=\"Settore scientifico\">\n                            Diritto Processuale Penale                        <\/td>\n                                                <td data-label=\"IRIS\">\n                                                            <a href=\"https:\/\/ricerca.lum.it\/cris\/rp\/rp00885\" target=\"_blank\" rel=\"noopener\">\n                                    Vai a IRIS\n                                <\/a>\n                                                    <\/td>\n                                                <td data-label=\"CV\">\n                                                    <\/td>\n                    <\/tr>\n                \n                                        <tr>\n                        <td data-label=\"Bernando Olivieri\" class=\"lum-img-col\">\n                            <div class=\"img-box\">\n                                <img decoding=\"async\" src=\"https:\/\/www.lum.it\/wp-content\/uploads\/2022\/04\/IDP-LUM-400x300-1.png\" alt=\"Bernando Olivieri\">\n                            <\/div>\n                        <\/td>\n                        <td data-label=\"Dottorando\">\n                            Bernando Olivieri                        <\/td>\n                        <td data-label=\"Tutor\">\n                            Francesco Alicino                        <\/td>\n                        <td data-label=\"Settore scientifico\">\n                            Diritto e religioni                        <\/td>\n                                                <td data-label=\"IRIS\">\n                                                    <\/td>\n                                                <td data-label=\"CV\">\n                                                    <\/td>\n                    <\/tr>\n                \n                                        <tr>\n                        <td data-label=\"Antonio Patroni Grifi\" class=\"lum-img-col\">\n                            <div class=\"img-box\">\n                                <img decoding=\"async\" src=\"https:\/\/www.lum.it\/wp-content\/uploads\/2022\/04\/IDP-LUM-400x300-1.png\" alt=\"Antonio Patroni Grifi\">\n                            <\/div>\n                        <\/td>\n                        <td data-label=\"Dottorando\">\n                            Antonio Patroni Grifi                        <\/td>\n                        <td data-label=\"Tutor\">\n                            Caterina Appio                        <\/td>\n                        <td data-label=\"Settore scientifico\">\n                            Diritto Commerciale                        <\/td>\n                                                <td data-label=\"IRIS\">\n                                                    <\/td>\n                                                <td data-label=\"CV\">\n                                                    <\/td>\n                    <\/tr>\n                \n                                        <tr>\n                        <td data-label=\"Ida Raimo\" class=\"lum-img-col\">\n                            <div class=\"img-box\">\n                                <img decoding=\"async\" src=\"https:\/\/www.lum.it\/wp-content\/uploads\/2022\/04\/IDP-LUM-400x300-1.png\" alt=\"Ida Raimo\">\n                            <\/div>\n                        <\/td>\n                        <td data-label=\"Dottorando\">\n                            Ida Raimo                        <\/td>\n                        <td data-label=\"Tutor\">\n                            Francesco Follieri                        <\/td>\n                        <td data-label=\"Settore scientifico\">\n                            Diritto amministrativo e pubblico                        <\/td>\n                                                <td data-label=\"IRIS\">\n                                                    <\/td>\n                                                <td data-label=\"CV\">\n                                                    <\/td>\n                    <\/tr>\n                \n                                        <tr>\n                        <td data-label=\"Francesco Scoppola\" class=\"lum-img-col\">\n                            <div class=\"img-box\">\n                                <img decoding=\"async\" src=\"https:\/\/www.lum.it\/wp-content\/uploads\/2026\/02\/scoppola.jpg\" alt=\"Francesco Scoppola\">\n                            <\/div>\n                        <\/td>\n                        <td data-label=\"Dottorando\">\n                            Francesco Scoppola                        <\/td>\n                        <td data-label=\"Tutor\">\n                            Nicola Cipriani                         <\/td>\n                        <td data-label=\"Settore scientifico\">\n                            Diritto Privato                        <\/td>\n                                                <td data-label=\"IRIS\">\n                                                            <a href=\"https:\/\/ricerca.lum.it\/simple-search?query=francesco+scoppola\" target=\"_blank\" rel=\"noopener\">\n                                    Vai a IRIS\n                                <\/a>\n                                                    <\/td>\n                                                <td data-label=\"CV\">\n                                                            <a href=\"https:\/\/www.lum.it\/wp-content\/uploads\/2026\/02\/Curriculum-Francesco-Scoppola-CV.pdf\" target=\"_blank\" rel=\"noopener\">\n                                    Scarica CV\n                                <\/a>\n                                                    <\/td>\n                    <\/tr>\n                            <\/tbody>\n        <\/table>\n    <\/div>\n    <style>\n        .lum-dottorandi-table {\n  width: 100%;\n  border-collapse: collapse;\n}\n\n.lum-dottorandi-table th,\n.lum-dottorandi-table td {\n  padding: 12px;\n  border-bottom: 1px solid #ddd;\n  text-align: left;\n}\n.img-box {\n    width: 60px;\n    height: 60px;\n    background: white;\n    border: 2px solid #8e193b;\n    border-radius: 50%;\n    overflow:hidden;\n}\n.img-box img {\n    object-fit: cover;\n    width: 100%;\n    height: 100%;\n}\n.lum-dottorandi-table thead {\n  background: #f5f5f5;\n}\n\n\/* ===========================\n   MOBILE\n=========================== *\/\n@media (max-width: 768px) {\n  .lum-dottorandi-table thead {\n    display: none;\n  }\n\n  .lum-dottorandi-table,\n  .lum-dottorandi-table tbody,\n  .lum-dottorandi-table tr,\n  .lum-dottorandi-table td {\n    display: block;\n    width: 100%;\n  }\n\n  .lum-dottorandi-table tr {\n    margin-bottom: 20px;\n    border: 1px solid #eee;\n    padding: 10px;\n  }\n\n  .lum-dottorandi-table td {\n    display: flex;\n    justify-content: space-between;\n    gap: 10px;\n    padding: 8px 0;\n  }\n\n    .lum-dottorandi-table td::before {\n        content: attr(data-label);\n        font-weight: 600;\n        flex: 0 0 40%;\n        display: flex;\n        align-items: center;\n    }\n\n}\n<\/style>\n    [vc_column_text][\/vc_column_text][\/vc_tta_section][vc_tta_section title=&#8221;XXXIX Ciclo&#8221; tab_id=&#8221;1762271269654-a0b4b47f-c3da&#8221;]\n    <div class=\"lum-dottorandi-table-wrapper\">\n        <table class=\"lum-dottorandi-table\">\n            <thead>\n                <tr>\n                    <th>Dottorando img <\/th>\n                    <th>Dottorando<\/th>\n                    <th>Tutor<\/th>\n                    <th>Settore scientifico<\/th>\n                                            <th>IRIS<\/th>\n                                        <th>CV<\/th>\n                <\/tr>\n            <\/thead>\n            <tbody>\n                \n                                        <tr>\n                        <td data-label=\"Antonia Caprio\" class=\"lum-img-col\">\n                            <div class=\"img-box\">\n                                <img decoding=\"async\" src=\"https:\/\/www.lum.it\/wp-content\/uploads\/2026\/02\/caprio1.jpg\" alt=\"Antonia Caprio\">\n                            <\/div>\n                        <\/td>\n                        <td data-label=\"Dottorando\">\n                            Antonia Caprio                        <\/td>\n                        <td data-label=\"Tutor\">\n                            Antonella Marandola                        <\/td>\n                        <td data-label=\"Settore scientifico\">\n                                                    <\/td>\n                                                <td data-label=\"IRIS\">\n                                                            <a href=\"https:\/\/ricerca.lum.it\/cris\/rp\/rp00602\" target=\"_blank\" rel=\"noopener\">\n                                    Vai a IRIS\n                                <\/a>\n                                                    <\/td>\n                                                <td data-label=\"CV\">\n                                                            <a href=\"https:\/\/www.lum.it\/wp-content\/uploads\/2026\/02\/caprio.pdf\" target=\"_blank\" rel=\"noopener\">\n                                    Scarica CV\n                                <\/a>\n                                                    <\/td>\n                    <\/tr>\n                \n                                        <tr>\n                        <td data-label=\"Antonio Nicol\u00f2 Carchivi\" class=\"lum-img-col\">\n                            <div class=\"img-box\">\n                                <img decoding=\"async\" src=\"https:\/\/www.lum.it\/wp-content\/uploads\/2026\/01\/carchivi-150x150.jpg\" alt=\"Antonio Nicol\u00f2 Carchivi\">\n                            <\/div>\n                        <\/td>\n                        <td data-label=\"Dottorando\">\n                            Antonio Nicol\u00f2 Carchivi                        <\/td>\n                        <td data-label=\"Tutor\">\n                            Francesco Follieri                        <\/td>\n                        <td data-label=\"Settore scientifico\">\n                            Diritto amministrativo e pubblico                        <\/td>\n                                                <td data-label=\"IRIS\">\n                                                            <a href=\"https:\/\/ricerca.lum.it\/cris\/rp\/rp00621\" target=\"_blank\" rel=\"noopener\">\n                                    Vai a IRIS\n                                <\/a>\n                                                    <\/td>\n                                                <td data-label=\"CV\">\n                                                    <\/td>\n                    <\/tr>\n                \n                                        <tr>\n                        <td data-label=\"Mario Papavero\" class=\"lum-img-col\">\n                            <div class=\"img-box\">\n                                <img decoding=\"async\" src=\"https:\/\/www.lum.it\/wp-content\/uploads\/2026\/02\/papavero.jpg\" alt=\"Mario Papavero\">\n                            <\/div>\n                        <\/td>\n                        <td data-label=\"Dottorando\">\n                            Mario Papavero                        <\/td>\n                        <td data-label=\"Tutor\">\n                            Antonello Tarzia                        <\/td>\n                        <td data-label=\"Settore scientifico\">\n                            Diritto costituzionale                        <\/td>\n                                                <td data-label=\"IRIS\">\n                                                            <a href=\"https:\/\/ricerca.lum.it\/simple-search?query=mario+papavero\" target=\"_blank\" rel=\"noopener\">\n                                    Vai a IRIS\n                                <\/a>\n                                                    <\/td>\n                                                <td data-label=\"CV\">\n                                                            <a href=\"https:\/\/www.lum.it\/wp-content\/uploads\/2026\/02\/Curriculum-form.-Lum-Mario-Papavero-.pdf\" target=\"_blank\" rel=\"noopener\">\n                                    Scarica CV\n                                <\/a>\n                                                    <\/td>\n                    <\/tr>\n                \n                                        <tr>\n                        <td data-label=\"Alessandro Pisani\" class=\"lum-img-col\">\n                            <div class=\"img-box\">\n                                <img decoding=\"async\" src=\"https:\/\/www.lum.it\/wp-content\/uploads\/2026\/02\/pisani-150x143.jpg\" alt=\"Alessandro Pisani\">\n                            <\/div>\n                        <\/td>\n                        <td data-label=\"Dottorando\">\n                            Alessandro Pisani                        <\/td>\n                        <td data-label=\"Tutor\">\n                            Angelo Giuseppe Orofino                        <\/td>\n                        <td data-label=\"Settore scientifico\">\n                            Diritto amministrativo e pubblico                        <\/td>\n                                                <td data-label=\"IRIS\">\n                                                            <a href=\"https:\/\/ricerca.lum.it\/cris\/rp\/rp00601\" target=\"_blank\" rel=\"noopener\">\n                                    Vai a IRIS\n                                <\/a>\n                                                    <\/td>\n                                                <td data-label=\"CV\">\n                                                            <a href=\"https:\/\/www.lum.it\/wp-content\/uploads\/2026\/02\/CV_LUM_Pisani_Alessandro.pdf\" target=\"_blank\" rel=\"noopener\">\n                                    Scarica CV\n                                <\/a>\n                                                    <\/td>\n                    <\/tr>\n                \n                                        <tr>\n                        <td data-label=\"Sergio Pugliese\" class=\"lum-img-col\">\n                            <div class=\"img-box\">\n                                <img decoding=\"async\" src=\"https:\/\/www.lum.it\/wp-content\/uploads\/2026\/02\/pugliese-150x150.jpg\" alt=\"Sergio Pugliese\">\n                            <\/div>\n                        <\/td>\n                        <td data-label=\"Dottorando\">\n                            Sergio Pugliese                        <\/td>\n                        <td data-label=\"Tutor\">\n                            Mirko Abbamonte                        <\/td>\n                        <td data-label=\"Settore scientifico\">\n                            Diritto processuale civile                        <\/td>\n                                                <td data-label=\"IRIS\">\n                                                            <a href=\"https:\/\/ricerca.lum.it\/cris\/rp\/rp00603\" target=\"_blank\" rel=\"noopener\">\n                                    Vai a IRIS\n                                <\/a>\n                                                    <\/td>\n                                                <td data-label=\"CV\">\n                                                            <a href=\"https:\/\/www.lum.it\/wp-content\/uploads\/2026\/02\/CV_LUM-Sergio-Pugliese.pdf\" target=\"_blank\" rel=\"noopener\">\n                                    Scarica CV\n                                <\/a>\n                                                    <\/td>\n                    <\/tr>\n                            <\/tbody>\n        <\/table>\n    <\/div>\n    <style>\n        .lum-dottorandi-table {\n  width: 100%;\n  border-collapse: collapse;\n}\n\n.lum-dottorandi-table th,\n.lum-dottorandi-table td {\n  padding: 12px;\n  border-bottom: 1px solid #ddd;\n  text-align: left;\n}\n.img-box {\n    width: 60px;\n    height: 60px;\n    background: white;\n    border: 2px solid #8e193b;\n    border-radius: 50%;\n    overflow:hidden;\n}\n.img-box img {\n    object-fit: cover;\n    width: 100%;\n    height: 100%;\n}\n.lum-dottorandi-table thead {\n  background: #f5f5f5;\n}\n\n\/* ===========================\n   MOBILE\n=========================== *\/\n@media (max-width: 768px) {\n  .lum-dottorandi-table thead {\n    display: none;\n  }\n\n  .lum-dottorandi-table,\n  .lum-dottorandi-table tbody,\n  .lum-dottorandi-table tr,\n  .lum-dottorandi-table td {\n    display: block;\n    width: 100%;\n  }\n\n  .lum-dottorandi-table tr {\n    margin-bottom: 20px;\n    border: 1px solid #eee;\n    padding: 10px;\n  }\n\n  .lum-dottorandi-table td {\n    display: flex;\n    justify-content: space-between;\n    gap: 10px;\n    padding: 8px 0;\n  }\n\n    .lum-dottorandi-table td::before {\n        content: attr(data-label);\n        font-weight: 600;\n        flex: 0 0 40%;\n        display: flex;\n        align-items: center;\n    }\n\n}\n<\/style>\n    [\/vc_tta_section][vc_tta_section title=&#8221;XXXVIII Ciclo&#8221; tab_id=&#8221;1762271269789-0d410015-2b3a&#8221;]\n    <div class=\"lum-dottorandi-table-wrapper\">\n        <table class=\"lum-dottorandi-table\">\n            <thead>\n                <tr>\n                    <th>Dottorando img <\/th>\n                    <th>Dottorando<\/th>\n                    <th>Tutor<\/th>\n                    <th>Settore scientifico<\/th>\n                                            <th>IRIS<\/th>\n                                        <th>CV<\/th>\n                <\/tr>\n            <\/thead>\n            <tbody>\n                \n                                        <tr>\n                        <td data-label=\"Valentina Cicchelli\" class=\"lum-img-col\">\n                            <div class=\"img-box\">\n                                <img decoding=\"async\" src=\"https:\/\/www.lum.it\/wp-content\/uploads\/2026\/02\/cicchelli-150x147.jpg\" alt=\"Valentina Cicchelli\">\n                            <\/div>\n                        <\/td>\n                        <td data-label=\"Dottorando\">\n                            Valentina Cicchelli                        <\/td>\n                        <td data-label=\"Tutor\">\n                            Roberto Martino                        <\/td>\n                        <td data-label=\"Settore scientifico\">\n                            Diritto processuale civile                        <\/td>\n                                                <td data-label=\"IRIS\">\n                                                            <a href=\"https:\/\/ricerca.lum.it\/simple-search?query=valentina+cicchelli\" target=\"_blank\" rel=\"noopener\">\n                                    Vai a IRIS\n                                <\/a>\n                                                    <\/td>\n                                                <td data-label=\"CV\">\n                                                            <a href=\"https:\/\/www.lum.it\/wp-content\/uploads\/2026\/02\/C.V.-Valentina-Cicchelli.pdf\" target=\"_blank\" rel=\"noopener\">\n                                    Scarica CV\n                                <\/a>\n                                                    <\/td>\n                    <\/tr>\n                \n                                        <tr>\n                        <td data-label=\"Giulio Errico\" class=\"lum-img-col\">\n                            <div class=\"img-box\">\n                                <img decoding=\"async\" src=\"https:\/\/www.lum.it\/wp-content\/uploads\/2022\/04\/IDP-LUM-400x300-1.png\" alt=\"Giulio Errico\">\n                            <\/div>\n                        <\/td>\n                        <td data-label=\"Dottorando\">\n                            Giulio Errico                        <\/td>\n                        <td data-label=\"Tutor\">\n                            Francesco Vergine                        <\/td>\n                        <td data-label=\"Settore scientifico\">\n                            Diritto processuale penale                        <\/td>\n                                                <td data-label=\"IRIS\">\n                                                            <a href=\"https:\/\/ricerca.lum.it\/browse?filter_type=authority&#038;authority=rp00332&#038;filter_value=rp00332&#038;filter_value_display=ERRICO%2c+GIULIO&#038;type=author&#038;sort_by=ASC&#038;order=&#038;rpp=20%20\" target=\"_blank\" rel=\"noopener\">\n                                    Vai a IRIS\n                                <\/a>\n                                                    <\/td>\n                                                <td data-label=\"CV\">\n                                                    <\/td>\n                    <\/tr>\n                \n                                        <tr>\n                        <td data-label=\"Giulia Maggio\" class=\"lum-img-col\">\n                            <div class=\"img-box\">\n                                <img decoding=\"async\" src=\"https:\/\/www.lum.it\/wp-content\/uploads\/2026\/02\/maggio-150x146.jpg\" alt=\"Giulia Maggio\">\n                            <\/div>\n                        <\/td>\n                        <td data-label=\"Dottorando\">\n                            Giulia Maggio                        <\/td>\n                        <td data-label=\"Tutor\">\n                            Nicola Cipriani                        <\/td>\n                        <td data-label=\"Settore scientifico\">\n                            Diritto privato                        <\/td>\n                                                <td data-label=\"IRIS\">\n                                                            <a href=\"https:\/\/ricerca.lum.it\/simple-search?query=giulia+maggio%20%20\" target=\"_blank\" rel=\"noopener\">\n                                    Vai a IRIS\n                                <\/a>\n                                                    <\/td>\n                                                <td data-label=\"CV\">\n                                                            <a href=\"https:\/\/www.lum.it\/wp-content\/uploads\/2026\/02\/CV_LUM.-GIULIA-MAGGIO.pdf\" target=\"_blank\" rel=\"noopener\">\n                                    Scarica CV\n                                <\/a>\n                                                    <\/td>\n                    <\/tr>\n                \n                                        <tr>\n                        <td data-label=\"Marco Mongelli\" class=\"lum-img-col\">\n                            <div class=\"img-box\">\n                                <img decoding=\"async\" src=\"https:\/\/www.lum.it\/wp-content\/uploads\/2026\/02\/mongelli-150x150.jpg\" alt=\"Marco Mongelli\">\n                            <\/div>\n                        <\/td>\n                        <td data-label=\"Dottorando\">\n                            Marco Mongelli                        <\/td>\n                        <td data-label=\"Tutor\">\n                            Angelo Giuseppe Orofino                        <\/td>\n                        <td data-label=\"Settore scientifico\">\n                            Diritto amministrativo e pubblico                        <\/td>\n                                                <td data-label=\"IRIS\">\n                                                            <a href=\"https:\/\/ricerca.lum.it\/browse?filter_type=authority&#038;authority=rp00327&#038;filter_value=rp00327&#038;filter_value_display=MONGELLI%2c+MARCO&#038;type=author&#038;sort_by=ASC&#038;order=&#038;rpp=20\" target=\"_blank\" rel=\"noopener\">\n                                    Vai a IRIS\n                                <\/a>\n                                                    <\/td>\n                                                <td data-label=\"CV\">\n                                                            <a href=\"https:\/\/www.lum.it\/wp-content\/uploads\/2026\/02\/CV_LUM-MARCO-MONGELLI.pdf\" target=\"_blank\" rel=\"noopener\">\n                                    Scarica CV\n                                <\/a>\n                                                    <\/td>\n                    <\/tr>\n                            <\/tbody>\n        <\/table>\n    <\/div>\n    <style>\n        .lum-dottorandi-table {\n  width: 100%;\n  border-collapse: collapse;\n}\n\n.lum-dottorandi-table th,\n.lum-dottorandi-table td {\n  padding: 12px;\n  border-bottom: 1px solid #ddd;\n  text-align: left;\n}\n.img-box {\n    width: 60px;\n    height: 60px;\n    background: white;\n    border: 2px solid #8e193b;\n    border-radius: 50%;\n    overflow:hidden;\n}\n.img-box img {\n    object-fit: cover;\n    width: 100%;\n    height: 100%;\n}\n.lum-dottorandi-table thead {\n  background: #f5f5f5;\n}\n\n\/* ===========================\n   MOBILE\n=========================== *\/\n@media (max-width: 768px) {\n  .lum-dottorandi-table thead {\n    display: none;\n  }\n\n  .lum-dottorandi-table,\n  .lum-dottorandi-table tbody,\n  .lum-dottorandi-table tr,\n  .lum-dottorandi-table td {\n    display: block;\n    width: 100%;\n  }\n\n  .lum-dottorandi-table tr {\n    margin-bottom: 20px;\n    border: 1px solid #eee;\n    padding: 10px;\n  }\n\n  .lum-dottorandi-table td {\n    display: flex;\n    justify-content: space-between;\n    gap: 10px;\n    padding: 8px 0;\n  }\n\n    .lum-dottorandi-table td::before {\n        content: attr(data-label);\n        font-weight: 600;\n        flex: 0 0 40%;\n        display: flex;\n        align-items: center;\n    }\n\n}\n<\/style>\n    [\/vc_tta_section][vc_tta_section title=&#8221;XXXVII Ciclo&#8221; tab_id=&#8221;1762271269882-6b82878e-5e1c&#8221;]\n    <div class=\"lum-dottorandi-table-wrapper\">\n        <table class=\"lum-dottorandi-table\">\n            <thead>\n                <tr>\n                    <th>Dottorando img <\/th>\n                    <th>Dottorando<\/th>\n                    <th>Tutor<\/th>\n                    <th>Settore scientifico<\/th>\n                                            <th>IRIS<\/th>\n                                        <th>CV<\/th>\n                <\/tr>\n            <\/thead>\n            <tbody>\n                \n                                        <tr>\n                        <td data-label=\"Flavia Accoto\" class=\"lum-img-col\">\n                            <div class=\"img-box\">\n                                <img decoding=\"async\" src=\"https:\/\/www.lum.it\/wp-content\/uploads\/2024\/10\/accoto-150x150.jpg\" alt=\"Flavia Accoto\">\n                            <\/div>\n                        <\/td>\n                        <td data-label=\"Dottorando\">\n                            Flavia Accoto                        <\/td>\n                        <td data-label=\"Tutor\">\n                            Francesco Ricci                        <\/td>\n                        <td data-label=\"Settore scientifico\">\n                            Diritto civile                        <\/td>\n                                                <td data-label=\"IRIS\">\n                                                            <a href=\"https:\/\/ricerca.lum.it\/simple-search?query=flavia+accoto%20\" target=\"_blank\" rel=\"noopener\">\n                                    Vai a IRIS\n                                <\/a>\n                                                    <\/td>\n                                                <td data-label=\"CV\">\n                                                            <a href=\"https:\/\/www.lum.it\/wp-content\/uploads\/2024\/10\/Flavia-Accoto_CV-LUM.pdf\" target=\"_blank\" rel=\"noopener\">\n                                    Scarica CV\n                                <\/a>\n                                                    <\/td>\n                    <\/tr>\n                \n                                        <tr>\n                        <td data-label=\"Luana Leo\" class=\"lum-img-col\">\n                            <div class=\"img-box\">\n                                <img decoding=\"async\" src=\"https:\/\/www.lum.it\/wp-content\/uploads\/2026\/02\/leo.jpg\" alt=\"Luana Leo\">\n                            <\/div>\n                        <\/td>\n                        <td data-label=\"Dottorando\">\n                            Luana Leo                        <\/td>\n                        <td data-label=\"Tutor\">\n                            Francesco Alicino                        <\/td>\n                        <td data-label=\"Settore scientifico\">\n                            Diritto costituzionale e pubblico                        <\/td>\n                                                <td data-label=\"IRIS\">\n                                                            <a href=\"https:\/\/ricerca.lum.it\/handle\/123456789\/41\/browse?filter_type=authority&#038;authority=rp00258&#038;filter_value=rp00258&#038;filter_value_display=LEO%2C+LUANA&#038;type=author&#038;sort_by=ASC&#038;order=&#038;rpp=20\" target=\"_blank\" rel=\"noopener\">\n                                    Vai a IRIS\n                                <\/a>\n                                                    <\/td>\n                                                <td data-label=\"CV\">\n                                                            <a href=\"https:\/\/www.lum.it\/wp-content\/uploads\/2026\/02\/CV_LUM_luana.leodocx.pdf\" target=\"_blank\" rel=\"noopener\">\n                                    Scarica CV\n                                <\/a>\n                                                    <\/td>\n                    <\/tr>\n                \n                                        <tr>\n                        <td data-label=\"Renato Martucci\" class=\"lum-img-col\">\n                            <div class=\"img-box\">\n                                <img decoding=\"async\" src=\"https:\/\/www.lum.it\/wp-content\/uploads\/2022\/04\/IDP-LUM-400x300-1.png\" alt=\"Renato Martucci\">\n                            <\/div>\n                        <\/td>\n                        <td data-label=\"Dottorando\">\n                            Renato Martucci                        <\/td>\n                        <td data-label=\"Tutor\">\n                            Francesco Vergine                        <\/td>\n                        <td data-label=\"Settore scientifico\">\n                            Diritto processuale penale                        <\/td>\n                                                <td data-label=\"IRIS\">\n                                                            <a href=\"https:\/\/ricerca.lum.it\/simple-search?query=renato+martucci+\" target=\"_blank\" rel=\"noopener\">\n                                    Vai a IRIS\n                                <\/a>\n                                                    <\/td>\n                                                <td data-label=\"CV\">\n                                                            <a href=\"https:\/\/www.lum.it\/wp-content\/uploads\/2026\/02\/CV_LUM_luana.leodocx.pdf\" target=\"_blank\" rel=\"noopener\">\n                                    Scarica CV\n                                <\/a>\n                                                    <\/td>\n                    <\/tr>\n                \n                                        <tr>\n                        <td data-label=\"Giovanni Piccoli\" class=\"lum-img-col\">\n                            <div class=\"img-box\">\n                                <img decoding=\"async\" src=\"https:\/\/www.lum.it\/wp-content\/uploads\/2022\/04\/IDP-LUM-400x300-1.png\" alt=\"Giovanni Piccoli\">\n                            <\/div>\n                        <\/td>\n                        <td data-label=\"Dottorando\">\n                            Giovanni Piccoli                        <\/td>\n                        <td data-label=\"Tutor\">\n                            Antonella Marandola                        <\/td>\n                        <td data-label=\"Settore scientifico\">\n                                                    <\/td>\n                                                <td data-label=\"IRIS\">\n                                                            <a href=\"https:\/\/ricerca.lum.it\/simple-search?query=giovanni+piccoli\" target=\"_blank\" rel=\"noopener\">\n                                    Vai a IRIS\n                                <\/a>\n                                                    <\/td>\n                                                <td data-label=\"CV\">\n                                                    <\/td>\n                    <\/tr>\n                            <\/tbody>\n        <\/table>\n    <\/div>\n    <style>\n        .lum-dottorandi-table {\n  width: 100%;\n  border-collapse: collapse;\n}\n\n.lum-dottorandi-table th,\n.lum-dottorandi-table td {\n  padding: 12px;\n  border-bottom: 1px solid #ddd;\n  text-align: left;\n}\n.img-box {\n    width: 60px;\n    height: 60px;\n    background: white;\n    border: 2px solid #8e193b;\n    border-radius: 50%;\n    overflow:hidden;\n}\n.img-box img {\n    object-fit: cover;\n    width: 100%;\n    height: 100%;\n}\n.lum-dottorandi-table thead {\n  background: #f5f5f5;\n}\n\n\/* ===========================\n   MOBILE\n=========================== *\/\n@media (max-width: 768px) {\n  .lum-dottorandi-table thead {\n    display: none;\n  }\n\n  .lum-dottorandi-table,\n  .lum-dottorandi-table tbody,\n  .lum-dottorandi-table tr,\n  .lum-dottorandi-table td {\n    display: block;\n    width: 100%;\n  }\n\n  .lum-dottorandi-table tr {\n    margin-bottom: 20px;\n    border: 1px solid #eee;\n    padding: 10px;\n  }\n\n  .lum-dottorandi-table td {\n    display: flex;\n    justify-content: space-between;\n    gap: 10px;\n    padding: 8px 0;\n  }\n\n    .lum-dottorandi-table td::before {\n        content: attr(data-label);\n        font-weight: 600;\n        flex: 0 0 40%;\n        display: flex;\n        align-items: center;\n    }\n\n}\n<\/style>\n    [\/vc_tta_section][\/vc_tta_accordion][\/vc_column][\/vc_row][vc_row css=&#8221;.vc_custom_1750860751697{background-position: center !important;background-repeat: no-repeat !important;background-size: cover !important;}&#8221; el_class=&#8221;bg-position&#8221;][vc_column][vc_separator border_width=&#8221;10&#8243; el_width=&#8221;80&#8243;][\/vc_column][\/vc_row][vc_row css=&#8221;.vc_custom_1762275479969{background-position: center !important;background-repeat: no-repeat !important;background-size: cover !important;}&#8221; el_class=&#8221;bg-position container mx-auto&#8221;][vc_column css=&#8221;.vc_custom_1762275328206{padding-right: 0px !important;padding-left: 0px !important;}&#8221;][vc_column_text el_class=&#8221;red&#8221;]<\/p>\n<h3>Documenti utili<\/h3>\n<p>[\/vc_column_text][\/vc_column][\/vc_row][vc_row equal_height=&#8221;yes&#8221; css=&#8221;.vc_custom_1770376090138{background-position: center !important;background-repeat: no-repeat !important;background-size: cover !important;}&#8221; el_class=&#8221;bg-position container mx-auto&#8221;][vc_column width=&#8221;1\/2&#8243; css=&#8221;.vc_custom_1770376199942{padding-right: 0px !important;padding-left: 0px !important;}&#8221; el_class=&#8221;flex justify-between pr-0 pr-lg-4&#8243;][vc_column_text el_class=&#8221;font-weight-normal&#8221;]<\/p>\n<p class=\"font-weight-normal\">Linee Guida per la gestione dei questionari compilati da studenti e tutori, laureati, dottorandi e dottori di ricerca, personale docente e di ricerca e personale tecnico-amministrativo e la pubblicizzazione e utilizzazione dei relativi risultati (LG Questionari)<\/p>\n<p>[\/vc_column_text][vc_btn title=&#8221;Scarica il documento&#8221; style=&#8221;classic&#8221; shape=&#8221;square&#8221; color=&#8221;danger&#8221; link=&#8221;url:https%3A%2F%2Fwww.lum.it%2Fwp-content%2Fuploads%2F2026%2F02%2FLG-questionari.pdf&#8221;][\/vc_column][vc_column width=&#8221;1\/2&#8243; css=&#8221;.vc_custom_1770376314767{padding-right: 0px !important;padding-left: 0px !important;}&#8221; el_class=&#8221;pl-0 pr-lg-4&#8243; el_id=&#8221;stretched&#8221;][vc_column_text el_class=&#8221;font-weight-normal&#8221;]<\/p>\n<p class=\"font-weight-normal\">Linee Guida per il Monitoraggio, la Valutazione e il Riesame del Sistema di Governo e del Sistema di AQ (LG M&amp;V&amp;R)<\/p>\n<p>[\/vc_column_text][vc_btn title=&#8221;Scarica il documento&#8221; style=&#8221;classic&#8221; shape=&#8221;square&#8221; color=&#8221;danger&#8221; link=&#8221;url:https%3A%2F%2Fwww.lum.it%2Fwp-content%2Fuploads%2F2026%2F02%2FLG-MVR.pdf&#8221;][\/vc_column][\/vc_row][vc_row css=&#8221;.vc_custom_1762275479969{background-position: center !important;background-repeat: no-repeat !important;background-size: cover !important;}&#8221; el_class=&#8221;bg-position container mx-auto&#8221;][vc_column css=&#8221;.vc_custom_1762275328206{padding-right: 0px !important;padding-left: 0px !important;}&#8221;][vc_empty_space height=&#8221;70px&#8221;][\/vc_column][\/vc_row][vc_row el_class=&#8221;pr-0 pl-0&#8243;][vc_column][vc_row_inner el_class=&#8221;container mx-auto pr-0 pl-0&#8243;][vc_column_inner el_class=&#8221;pr-0 pl-0&#8243; css=&#8221;.vc_custom_1750771277481{padding-right: 0px !important;padding-left: 0px !important;}&#8221;]    <div class=\"lum-box-toggle-wrapper\" id=\"lum_box_acf_69f1582dd01e6\">\n        <div class=\"lum-box-header-row d-flex flex-wrap flex-lg-nowrap justify-content-center gap-3 mb-3\">\n                            <div class=\"box-header d-flex align-items-center gap-2\" data-index=\"0\">\n                    <span>Attivit\u00e0 di perfezionamento linguistico e informatico<\/span>\n                    <span class=\"toggle-icon fw-bold\">+<\/span>\n                    \n                <\/div>\n                            <div class=\"box-header d-flex align-items-center gap-2\" data-index=\"1\">\n                    <span>Attivit\u00e0 di valorizzazione della ricerca e della propriet\u00e0 intellettuale<\/span>\n                    <span class=\"toggle-icon fw-bold\">+<\/span>\n                    \n                <\/div>\n                            <div class=\"box-header d-flex align-items-center gap-2\" data-index=\"2\">\n                    <span>Sbocchi occupazionali e professionali previsti<\/span>\n                    <span class=\"toggle-icon fw-bold\">+<\/span>\n                    \n                <\/div>\n                            <div class=\"box-header d-flex align-items-center gap-2\" data-index=\"3\">\n                    <span>Convenzioni\/Co-Tutele<\/span>\n                    <span class=\"toggle-icon fw-bold\">+<\/span>\n                    \n                <\/div>\n                    <\/div>\n\n        <div class=\"lum-box-content-container\">\n                            <div class=\"box-content\" style=\"display:none;\">\n                    <p>Certamente, ecco il testo con le parole chiave in grassetto:<\/p>\n<p>A) <b>Perfezionamento linguistico<\/b>. Il dottorato mira a far acquisire adeguate <b>conoscenze nell\u2019ambito del linguaggio giuridico<\/b> con particolare riferimento alle <b>tecniche processuali<\/b>, ivi comprese quelle delle <b>giurisdizioni apicali<\/b> (ad esempio <b>Corti Costituzionali, Supreme Corti e Sezioni unite della Cassazione<\/b>, etc.), in una <b>prospettiva di studio comprendente anche gli ordinamenti stranieri e gli ordinamenti sovrastatali<\/b> (in primis, la <b>Corte europea dei diritti dell\u2019Uomo e la Corte di giustizia dell\u2019UE<\/b>). Allo scopo possono essere organizzati sia <b>corsi di potenziamento dell\u2019inglese di base<\/b>, sia <b>corsi avanzati con specifico riferimento al linguaggio giuridico relativo alle aree processuali<\/b> ed aree a queste correlate.<\/p>\n<p>B) <b>Perfezionamento informatico<\/b>. I dottorandi potranno usufruire dell\u2019<b>aula informatica<\/b> per imparare ad <b>utilizzare<\/b> (con adeguato supporto tecnico da parte di personale specializzato) e <b>gestire al meglio le banche dati<\/b> messe a disposizione delle <b>risorse elettroniche della biblioteca<\/b> relativamente alla <b>giurisprudenza e alla dottrina italiana e straniera<\/b>.<\/p>\n                <\/div>\n                            <div class=\"box-content\" style=\"display:none;\">\n                    <p><strong data-start=\"69\" data-end=\"126\">Il dottorato mira a far acquisire adeguate conoscenze<\/strong> in relazione al <strong data-start=\"143\" data-end=\"168\" data-is-only-node=\"\">reperimento dei fondi<\/strong> messi a disposizione dalle <strong data-start=\"196\" data-end=\"250\">istituzioni pubbliche e private italiane ed estere<\/strong> (accademiche e non), comprese quelle dell\u2019<strong data-start=\"293\" data-end=\"311\">Unione europea<\/strong>.<br data-start=\"312\" data-end=\"315\" \/><strong data-start=\"315\" data-end=\"331\">Il dottorato<\/strong>, avvalendosi anche della <strong data-start=\"357\" data-end=\"399\">collaborazione di Universit\u00e0 straniere<\/strong>, intende <strong data-start=\"409\" data-end=\"437\">incentivare i dottorandi<\/strong> a intrattenere collaborazioni con <strong data-start=\"472\" data-end=\"550\">istituzioni (accademiche e non) pubbliche e private (italiane e straniere)<\/strong> e a <strong data-start=\"555\" data-end=\"587\">rendere pubblici i risultati<\/strong> conseguiti durante il percorso di ricerca, <strong data-start=\"631\" data-end=\"731\">sottoponendo l\u2019opera propria alla costante valutazione della comunit\u00e0 scientifica internazionale<\/strong>.<\/p>\n                <\/div>\n                            <div class=\"box-content\" style=\"display:none;\">\n                    <p>Il dottorato, nel formare una figura di <b>ricercatore altamente qualificata<\/b>, apre alla possibilit\u00e0 di accedere ai <b>concorsi nella carriera accademica nelle Universit\u00e0<\/b>, per i quali rappresenta una condizione preliminare (ad es. <b>ricercatore<\/b>). Consente altres\u00ec l&#8217;accesso ad <b>Enti ed Istituzioni di ricerca<\/b>.<\/p>\n<p>Inoltre, le <b>specifiche conoscenze acquisite in materia processuale<\/b> all&#8217;esito del percorso del dottorato saranno utili sia per intraprendere la <b>carriera di magistrato<\/b>, previo apposito concorso, sia nella <b>libera professione di avvocato<\/b>, sia per l&#8217;accesso ad altre eventuali professioni presso <b>Istituzioni pubbliche o private<\/b>, che richiedono una <b>elevata preparazione nelle materie del Dottorato<\/b>.<\/p>\n<p>Il Dottorato, poi, d\u00e0 una <b>formazione tale da favorire l&#8217;accesso nei ruoli dirigenziali della Pubblica amministrazione<\/b>. In particolare, le <b>conoscenze specialistiche acquisite<\/b> all&#8217;esito del percorso di ricerca saranno utili per tutte quelle <b>figure professionali altamente specializzate<\/b> di cui ha bisogno l&#8217;<b>Amministrazione della giustizia<\/b> per operare efficientemente (ad es., <b>dirigente amministrativo, cancelliere<\/b>, ecc.).<\/p>\n<p>Obiettivi del corso sono quelli di formare, altres\u00ec, <b>ricercatori molto qualificati e professionisti<\/b> in grado di svolgere mansioni sia nel nostro paese sia a <b>livello internazionale<\/b>, e capaci di utilizzare le <b>competenze acquisite in maniera flessibile e critica<\/b>, collocandosi al pi\u00f9 alto <b>livello direttivo nelle imprese pubbliche e private, nelle Istituzioni europee, negli altri Enti ed Organismi internazionali<\/b>.<\/p>\n                <\/div>\n                            <div class=\"box-content\" style=\"display:none;\">\n                                    <\/div>\n                    <\/div>\n    <\/div>\n\n    <style>\n        .box-header, .lum-box-header-row {\n            gap: 20px;\n        }\n        .box-header{\n                flex: 1;\n        }\n        \n        .lum-box-toggle-wrapper .box-header {\n            background: #8e193b;\n            color: white;\n            font-weight: bold;\n            padding: 2.5rem 1.5rem;\n            cursor: pointer;\n            transition: background 0.3s ease;\n            font-size: 1.1em;\n            border: none;\n            min-width: 200px;\n            display: flex;\n            justify-content: center;\n        }\n\n        .lum-box-toggle-wrapper .box-header:hover,\n        .lum-box-toggle-wrapper .box-header.active {\n            background-color: #891437;\n        }\n\n        .lum-box-toggle-wrapper .box-content {\n            background: #f7f7f7;\n            padding: 2rem;\n            display: none;\n            width: 100%;\n            animation: fadeIn 0.3s ease-in-out;\n        }\n\n        .toggle-icon {\n            display: inline-block;\n            width: 1em;\n            transition: transform 0.2s;\n        }\n        \n        @keyframes fadeIn {\n            from { opacity: 0; transform: translateY(-10px); }\n            to   { opacity: 1; transform: translateY(0); }\n        }\n        @media(max-width:992px){\n            .box-header {\n                width: 100%;\n            }\n             .lum-box-header-row {\n                gap: 0px;\n            }\n        }\n    <\/style>\n\n    <script>\n    document.addEventListener(\"DOMContentLoaded\", function () {\n        const wrapper = document.getElementById(\"lum_box_acf_69f1582dd01e6\");\n        if (!wrapper) return;\n\n        const headers = wrapper.querySelectorAll(\".box-header\");\n        const contents = wrapper.querySelectorAll(\".box-content\");\n\n        headers.forEach((header, i) => {\n            header.addEventListener(\"click\", () => {\n                const isActive = header.classList.contains(\"active\");\n\n                headers.forEach((h, idx) => {\n                    h.classList.remove(\"active\");\n                    h.querySelector(\".toggle-icon\").textContent = '+';\n                    contents[idx].style.display = \"none\";\n                });\n\n                if (!isActive) {\n                    header.classList.add(\"active\");\n                    header.querySelector(\".toggle-icon\").textContent = '\u2212';\n                    contents[i].style.display = \"block\";\n\n                    if (window.innerWidth <= 992) {\n                        setTimeout(() => {\n                            contents[i].scrollIntoView({\n                                behavior: \"smooth\",\n                                block: \"start\"\n                            });\n                        }, 100); \/\/ Delay per permettere il rendering\n                    }\n                }\n            });\n        });\n    });\n    <\/script>\n    [\/vc_column_inner][\/vc_row_inner][vc_empty_space height=&#8221;70px&#8221;][\/vc_column][\/vc_row]<\/p>\n","protected":false},"excerpt":{"rendered":"<p>[vc_section el_class=&#8221;p-0 m-0 piani-di-studio&#8221;][vc_row css=&#8221;.vc_custom_1696577959217{background-image: url(https:\/\/www.lum.it\/wp-content\/uploads\/2022\/10\/immatricolazioni.jpg?id=36837) !important;background-position: center !important;background-repeat: no-repeat !important;background-size: cover !important;}&#8221; el_class=&#8221;bg-position&#8221;][vc_column][vc_empty_space height=&#8221;400px&#8221;][\/vc_column][\/vc_row][\/vc_section][vc_section el_class=&#8221;pl-0 pr-0&#8243;][vc_row equal_height=&#8221;yes&#8221; el_class=&#8221;q-title-corso&#8221; css=&#8221;.vc_custom_1750846932389{margin-top: 0px !important;margin-bottom: 0px !important;}&#8221;][vc_column el_class=&#8221;q-title-corso mr-neg&#8221; css=&#8221;.vc_custom_1750781657806{margin-top: 0px !important;margin-bottom: 0px !important;margin-left: -30px !important;padding-top: 0px !important;padding-bottom: 0px !important;}&#8221;][vc_row_inner][vc_column_inner width=&#8221;2\/3&#8243; css=&#8221;.vc_custom_1750781642627{padding-top: 20px !important;padding-bottom: 20px !important;}&#8221;][vc_column_text el_class=&#8221;qred m-0&#8243; css=&#8221;.vc_custom_1750859019739{padding-top: 20px !important;padding-bottom: 20px !important;}&#8221;] Dottorato in Teoria Generale del [&hellip;]<\/p>\n","protected":false},"author":14,"featured_media":0,"parent":0,"menu_order":32,"comment_status":"closed","ping_status":"closed","template":"template-01-builder-corsi.php","meta":{"_acf_changed":false,"footnotes":""},"class_list":["post-69641","page","type-page","status-publish","hentry"],"acf":[],"yoast_head":"<!-- This site is optimized with the Yoast SEO Premium plugin v22.9 (Yoast SEO v27.5) - https:\/\/yoast.com\/product\/yoast-seo-premium-wordpress\/ -->\n<title>Dottorato in Teoria Generale del Processo - LUM<\/title>\n<meta name=\"robots\" content=\"index, follow, max-snippet:-1, max-image-preview:large, max-video-preview:-1\" \/>\n<link rel=\"canonical\" href=\"https:\/\/www.lum.it\/en\/dottorato-in-teoria-generale-del-processo\/\" \/>\n<meta property=\"og:locale\" content=\"en_US\" \/>\n<meta property=\"og:type\" content=\"article\" \/>\n<meta property=\"og:title\" content=\"Dottorato in Teoria Generale del Processo\" \/>\n<meta property=\"og:description\" content=\"[vc_section el_class=&#8221;p-0 m-0 piani-di-studio&#8221;][vc_row css=&#8221;.vc_custom_1696577959217{background-image: url(https:\/\/www.lum.it\/wp-content\/uploads\/2022\/10\/immatricolazioni.jpg?id=36837) !important;background-position: center !important;background-repeat: no-repeat !important;background-size: cover !important;}&#8221; el_class=&#8221;bg-position&#8221;][vc_column][vc_empty_space height=&#8221;400px&#8221;][\/vc_column][\/vc_row][\/vc_section][vc_section el_class=&#8221;pl-0 pr-0&#8243;][vc_row equal_height=&#8221;yes&#8221; el_class=&#8221;q-title-corso&#8221; css=&#8221;.vc_custom_1750846932389{margin-top: 0px !important;margin-bottom: 0px !important;}&#8221;][vc_column el_class=&#8221;q-title-corso mr-neg&#8221; css=&#8221;.vc_custom_1750781657806{margin-top: 0px !important;margin-bottom: 0px !important;margin-left: -30px !important;padding-top: 0px !important;padding-bottom: 0px !important;}&#8221;][vc_row_inner][vc_column_inner width=&#8221;2\/3&#8243; css=&#8221;.vc_custom_1750781642627{padding-top: 20px !important;padding-bottom: 20px !important;}&#8221;][vc_column_text el_class=&#8221;qred m-0&#8243; css=&#8221;.vc_custom_1750859019739{padding-top: 20px !important;padding-bottom: 20px !important;}&#8221;] Dottorato in Teoria Generale del [&hellip;]\" \/>\n<meta property=\"og:url\" content=\"https:\/\/www.lum.it\/en\/dottorato-in-teoria-generale-del-processo\/\" \/>\n<meta property=\"og:site_name\" content=\"LUM\" \/>\n<meta property=\"article:publisher\" content=\"https:\/\/www.facebook.com\/uni.lumjm\/\" \/>\n<meta property=\"article:modified_time\" content=\"2026-04-22T14:52:15+00:00\" \/>\n<meta name=\"twitter:card\" content=\"summary_large_image\" \/>\n<meta name=\"twitter:label1\" content=\"Est. reading time\" \/>\n\t<meta name=\"twitter:data1\" content=\"25 minutes\" \/>\n<script type=\"application\/ld+json\" class=\"yoast-schema-graph\">{\"@context\":\"https:\\\/\\\/schema.org\",\"@graph\":[{\"@type\":\"WebPage\",\"@id\":\"https:\\\/\\\/www.lum.it\\\/en\\\/dottorato-in-teoria-generale-del-processo\\\/\",\"url\":\"https:\\\/\\\/www.lum.it\\\/en\\\/dottorato-in-teoria-generale-del-processo\\\/\",\"name\":\"Dottorato in Teoria Generale del Processo - LUM\",\"isPartOf\":{\"@id\":\"https:\\\/\\\/www.lum.it\\\/#website\"},\"datePublished\":\"2025-06-24T16:01:50+00:00\",\"dateModified\":\"2026-04-22T14:52:15+00:00\",\"breadcrumb\":{\"@id\":\"https:\\\/\\\/www.lum.it\\\/en\\\/dottorato-in-teoria-generale-del-processo\\\/#breadcrumb\"},\"inLanguage\":\"en-US\",\"potentialAction\":[{\"@type\":\"ReadAction\",\"target\":[\"https:\\\/\\\/www.lum.it\\\/en\\\/dottorato-in-teoria-generale-del-processo\\\/\"]}]},{\"@type\":\"BreadcrumbList\",\"@id\":\"https:\\\/\\\/www.lum.it\\\/en\\\/dottorato-in-teoria-generale-del-processo\\\/#breadcrumb\",\"itemListElement\":[{\"@type\":\"ListItem\",\"position\":1,\"name\":\"LUM\",\"item\":\"https:\\\/\\\/www.lum.it\\\/en\\\/\"},{\"@type\":\"ListItem\",\"position\":2,\"name\":\"Dottorato in Teoria Generale del Processo\"}]},{\"@type\":\"WebSite\",\"@id\":\"https:\\\/\\\/www.lum.it\\\/#website\",\"url\":\"https:\\\/\\\/www.lum.it\\\/\",\"name\":\"LUM Jean Monnet\",\"description\":\"\",\"publisher\":{\"@id\":\"https:\\\/\\\/www.lum.it\\\/#organization\"},\"potentialAction\":[{\"@type\":\"SearchAction\",\"target\":{\"@type\":\"EntryPoint\",\"urlTemplate\":\"https:\\\/\\\/www.lum.it\\\/?s={search_term_string}\"},\"query-input\":{\"@type\":\"PropertyValueSpecification\",\"valueRequired\":true,\"valueName\":\"search_term_string\"}}],\"inLanguage\":\"en-US\"},{\"@type\":\"Organization\",\"@id\":\"https:\\\/\\\/www.lum.it\\\/#organization\",\"name\":\"LUM Jean Monnet\",\"url\":\"https:\\\/\\\/www.lum.it\\\/\",\"logo\":{\"@type\":\"ImageObject\",\"inLanguage\":\"en-US\",\"@id\":\"https:\\\/\\\/www.lum.it\\\/#\\\/schema\\\/logo\\\/image\\\/\",\"url\":\"https:\\\/\\\/www.lum.it\\\/wp-content\\\/uploads\\\/2020\\\/02\\\/logo_color.png\",\"contentUrl\":\"https:\\\/\\\/www.lum.it\\\/wp-content\\\/uploads\\\/2020\\\/02\\\/logo_color.png\",\"width\":403,\"height\":93,\"caption\":\"LUM Jean Monnet\"},\"image\":{\"@id\":\"https:\\\/\\\/www.lum.it\\\/#\\\/schema\\\/logo\\\/image\\\/\"},\"sameAs\":[\"https:\\\/\\\/www.facebook.com\\\/uni.lumjm\\\/\"]}]}<\/script>\n<!-- \/ Yoast SEO Premium plugin. -->","yoast_head_json":{"title":"Dottorato in Teoria Generale del Processo - LUM","robots":{"index":"index","follow":"follow","max-snippet":"max-snippet:-1","max-image-preview":"max-image-preview:large","max-video-preview":"max-video-preview:-1"},"canonical":"https:\/\/www.lum.it\/en\/dottorato-in-teoria-generale-del-processo\/","og_locale":"en_US","og_type":"article","og_title":"Dottorato in Teoria Generale del Processo","og_description":"[vc_section el_class=&#8221;p-0 m-0 piani-di-studio&#8221;][vc_row css=&#8221;.vc_custom_1696577959217{background-image: url(https:\/\/www.lum.it\/wp-content\/uploads\/2022\/10\/immatricolazioni.jpg?id=36837) !important;background-position: center !important;background-repeat: no-repeat !important;background-size: cover !important;}&#8221; el_class=&#8221;bg-position&#8221;][vc_column][vc_empty_space height=&#8221;400px&#8221;][\/vc_column][\/vc_row][\/vc_section][vc_section el_class=&#8221;pl-0 pr-0&#8243;][vc_row equal_height=&#8221;yes&#8221; el_class=&#8221;q-title-corso&#8221; css=&#8221;.vc_custom_1750846932389{margin-top: 0px !important;margin-bottom: 0px !important;}&#8221;][vc_column el_class=&#8221;q-title-corso mr-neg&#8221; css=&#8221;.vc_custom_1750781657806{margin-top: 0px !important;margin-bottom: 0px !important;margin-left: -30px !important;padding-top: 0px !important;padding-bottom: 0px !important;}&#8221;][vc_row_inner][vc_column_inner width=&#8221;2\/3&#8243; css=&#8221;.vc_custom_1750781642627{padding-top: 20px !important;padding-bottom: 20px !important;}&#8221;][vc_column_text el_class=&#8221;qred m-0&#8243; css=&#8221;.vc_custom_1750859019739{padding-top: 20px !important;padding-bottom: 20px !important;}&#8221;] Dottorato in Teoria Generale del [&hellip;]","og_url":"https:\/\/www.lum.it\/en\/dottorato-in-teoria-generale-del-processo\/","og_site_name":"LUM","article_publisher":"https:\/\/www.facebook.com\/uni.lumjm\/","article_modified_time":"2026-04-22T14:52:15+00:00","twitter_card":"summary_large_image","twitter_misc":{"Est. reading time":"25 minutes"},"schema":{"@context":"https:\/\/schema.org","@graph":[{"@type":"WebPage","@id":"https:\/\/www.lum.it\/en\/dottorato-in-teoria-generale-del-processo\/","url":"https:\/\/www.lum.it\/en\/dottorato-in-teoria-generale-del-processo\/","name":"Dottorato in Teoria Generale del Processo - LUM","isPartOf":{"@id":"https:\/\/www.lum.it\/#website"},"datePublished":"2025-06-24T16:01:50+00:00","dateModified":"2026-04-22T14:52:15+00:00","breadcrumb":{"@id":"https:\/\/www.lum.it\/en\/dottorato-in-teoria-generale-del-processo\/#breadcrumb"},"inLanguage":"en-US","potentialAction":[{"@type":"ReadAction","target":["https:\/\/www.lum.it\/en\/dottorato-in-teoria-generale-del-processo\/"]}]},{"@type":"BreadcrumbList","@id":"https:\/\/www.lum.it\/en\/dottorato-in-teoria-generale-del-processo\/#breadcrumb","itemListElement":[{"@type":"ListItem","position":1,"name":"LUM","item":"https:\/\/www.lum.it\/en\/"},{"@type":"ListItem","position":2,"name":"Dottorato in Teoria Generale del Processo"}]},{"@type":"WebSite","@id":"https:\/\/www.lum.it\/#website","url":"https:\/\/www.lum.it\/","name":"LUM Jean Monnet","description":"","publisher":{"@id":"https:\/\/www.lum.it\/#organization"},"potentialAction":[{"@type":"SearchAction","target":{"@type":"EntryPoint","urlTemplate":"https:\/\/www.lum.it\/?s={search_term_string}"},"query-input":{"@type":"PropertyValueSpecification","valueRequired":true,"valueName":"search_term_string"}}],"inLanguage":"en-US"},{"@type":"Organization","@id":"https:\/\/www.lum.it\/#organization","name":"LUM Jean Monnet","url":"https:\/\/www.lum.it\/","logo":{"@type":"ImageObject","inLanguage":"en-US","@id":"https:\/\/www.lum.it\/#\/schema\/logo\/image\/","url":"https:\/\/www.lum.it\/wp-content\/uploads\/2020\/02\/logo_color.png","contentUrl":"https:\/\/www.lum.it\/wp-content\/uploads\/2020\/02\/logo_color.png","width":403,"height":93,"caption":"LUM Jean Monnet"},"image":{"@id":"https:\/\/www.lum.it\/#\/schema\/logo\/image\/"},"sameAs":["https:\/\/www.facebook.com\/uni.lumjm\/"]}]}},"_links":{"self":[{"href":"https:\/\/www.lum.it\/en\/wp-json\/wp\/v2\/pages\/69641","targetHints":{"allow":["GET"]}}],"collection":[{"href":"https:\/\/www.lum.it\/en\/wp-json\/wp\/v2\/pages"}],"about":[{"href":"https:\/\/www.lum.it\/en\/wp-json\/wp\/v2\/types\/page"}],"author":[{"embeddable":true,"href":"https:\/\/www.lum.it\/en\/wp-json\/wp\/v2\/users\/14"}],"replies":[{"embeddable":true,"href":"https:\/\/www.lum.it\/en\/wp-json\/wp\/v2\/comments?post=69641"}],"version-history":[{"count":1,"href":"https:\/\/www.lum.it\/en\/wp-json\/wp\/v2\/pages\/69641\/revisions"}],"predecessor-version":[{"id":69642,"href":"https:\/\/www.lum.it\/en\/wp-json\/wp\/v2\/pages\/69641\/revisions\/69642"}],"wp:attachment":[{"href":"https:\/\/www.lum.it\/en\/wp-json\/wp\/v2\/media?parent=69641"}],"curies":[{"name":"wp","href":"https:\/\/api.w.org\/{rel}","templated":true}]}}